{"id":7152,"date":"2025-06-12T22:05:36","date_gmt":"2025-06-13T02:05:36","guid":{"rendered":"https:\/\/www.capitalidea.org\/about\/leadership-staff\/"},"modified":"2026-01-09T09:36:15","modified_gmt":"2026-01-09T15:36:15","slug":"team","status":"publish","type":"page","link":"https:\/\/www.capitalidea.org\/es\/about\/team\/","title":{"rendered":"Direcci\u00f3n y personal"},"content":{"rendered":"<img decoding=\"async\" src=\"https:\/\/www.capitalidea.org\/wp-content\/uploads\/2025\/06\/star.svg\" alt=\"star\" itemprop=\"image\" height=\"55\" width=\"57\" title=\"estrella\" onerror=\"this.style.display='none'\" loading=\"lazy\" \/>\n<h1>\n\t\t\tDirecci\u00f3n y personal\t<\/h1>\n\t\t\t\t\t\t\t\t\t\t\t<img decoding=\"async\" src=\"https:\/\/www.capitalidea.org\/wp-content\/uploads\/2025\/08\/William-square.png\" alt=\"\"\/>\n\t\t\t\t<h3>William Askew<\/h3>\n\t\t\t\t\t\t\t\t\tDirector del programa\n\t\t\t\t\t\t\t\t\t\t\t<hr \/>\n\t\t\t\t\t\t\t\t\t\t\t\t\t\t\t\t\t\t\t\t\t\t\t\t\t\t\t\t\t\t\t<a href=\"mailto:waskew@capitalidea.org\" target=\"_blank\" aria-label=\"Enviar correo electr\u00f3nico\"><\/a>\n\t\t\t<a href=\"#team-9293\" data-fancybox=\"gallery\">\t\t\t\t\t\t\t\n\t\t\t\t\t\t\t\t\t\t\t<img decoding=\"async\" src=\"https:\/\/www.capitalidea.org\/wp-content\/uploads\/2025\/08\/Alyssia-2-1.jpg\" alt=\"\"\/>\n\t\t\t\t\t\t\tLeer biograf\u00eda\n\t\t\t\t<h3>Alyssia Palacios-Woods<\/h3>\n\t\t\t\t\t\t\t\t\tDirector Ejecutivo\n\t\t\t<\/a>\t\t\t\t\t\t\t\n\t\t\t\t\t\t\t\t\t\t\t<hr \/>\n\t\t\t\t\t\t\t\t\t\t\t\t\t\t\t\t\t\t\t\t\t\t\t\t\t\t\t\t\t\t\t<a href=\"mailto:apalacioswoods@capitalidea.org\" target=\"_blank\" aria-label=\"Enviar correo electr\u00f3nico\"><\/a>\n\t\t\t\t\t\t\t\t<img decoding=\"async\" src=\"https:\/\/www.capitalidea.org\/wp-content\/uploads\/2025\/08\/Alyssia-2-1.jpg\" alt=\"\"\/>\n\t\t\t\t\t\t\t\t<h3>Alyssia Palacios-Woods<\/h3>\n\t\t\t\t\t\t\t\t\t\t\t\t\t\t\t\t\tDirector Ejecutivo\n\t\t\t\t\t\t\t\t\t\t\t\t\t\t\t\t\t\t\t<hr \/>\n\t\t\t\t\t\t\t\t\t\t\t\t\t\t\t\t\t\t\t\t\t\t\t\t\t\t\t\t\t\t\t\t\t\t\t\t\t\t\t\t\t\t\t\t\t\t\t\t\t\t\t\t\t\t\t<a href=\"mailto:apalacioswoods@capitalidea.org\" target=\"_blank\" aria-label=\"Enviar correo electr\u00f3nico\"><\/a>\n<p>Alyssia Palacios-Woods es una constructora de la comunidad y l\u00edder sin fines de lucro con m\u00e1s de 15 a\u00f1os de experiencia apoyando iniciativas de desarrollo de la fuerza laboral en el centro de Texas. Es una Ejecutiva Certificada en Recaudaci\u00f3n de Fondos (CFRE) dedicada a las mejores pr\u00e1cticas en operaciones y recaudaci\u00f3n de fondos sin fines de lucro. Antes de unirse a Capital IDEA, Alyssia se desempe\u00f1\u00f3 como Presidente y CEO de la C\u00e1mara Joven de Austin, donde defendi\u00f3 la colaboraci\u00f3n regional, el esp\u00edritu empresarial, el desarrollo del talento y la diversidad en el lugar de trabajo. Alyssia fue reconocida como una Austin Business Journal Profiles in Power Nominee en 2019 y una Austin Under 40 Finalist en 2023. Obtuvo su licenciatura en la Universidad de St. Edward y su maestr\u00eda en la Universidad de Texas en Austin. Anteriormente fue miembro de la C\u00e1mara de Comercio de Austin, Transit Forward y Capital IDEA. Actualmente forma parte del Consejo Asesor de The New Philanthropist, del Consejo Asesor Regional del Austin Community College y de los Consejos de Educaci\u00f3n y Mano de Obra de la C\u00e1mara de Austin y la C\u00e1mara de Round Rock.<\/p>\n\t\t\t<a href=\"#team-9305\" data-fancybox=\"gallery\">\t\t\t\t\t\t\t\n\t\t\t\t\t\t\t\t\t\t\t<img decoding=\"async\" src=\"https:\/\/www.capitalidea.org\/wp-content\/uploads\/2025\/08\/Eva-2-1.jpg\" alt=\"\"\/>\n\t\t\t\t\t\t\tLeer biograf\u00eda\n\t\t\t\t<h3>Eva R\u00edos-Lleverino<\/h3>\n\t\t\t\t\t\t\t\t\tDirector Ejecutivo Adjunto\n\t\t\t<\/a>\t\t\t\t\t\t\t\n\t\t\t\t\t\t\t\t\t\t\t<hr \/>\n\t\t\t\t\t\t\t\t\t\t\t\t\t\t\t\t\t\t\t\t\t\t\t\t\t\t\t\t\t\t\t<a href=\"mailto:erios@capitalidea.org\" target=\"_blank\" aria-label=\"Enviar correo electr\u00f3nico\"><\/a>\n\t\t\t\t\t\t\t\t<img decoding=\"async\" src=\"https:\/\/www.capitalidea.org\/wp-content\/uploads\/2025\/08\/Eva-2-1.jpg\" alt=\"\"\/>\n\t\t\t\t\t\t\t\t<h3>Eva R\u00edos-Lleverino<\/h3>\n\t\t\t\t\t\t\t\t\t\t\t\t\t\t\t\t\tDirector Ejecutivo Adjunto\n\t\t\t\t\t\t\t\t\t\t\t\t\t\t\t\t\t\t\t<hr \/>\n\t\t\t\t\t\t\t\t\t\t\t\t\t\t\t\t\t\t\t\t\t\t\t\t\t\t\t\t\t\t\t\t\t\t\t\t\t\t\t\t\t\t\t\t\t\t\t\t\t\t\t\t\t\t\t<a href=\"mailto:erios@capitalidea.org\" target=\"_blank\" aria-label=\"Enviar correo electr\u00f3nico\"><\/a>\n<p>Eva R\u00edos-Lleverino trabaja en Capital IDEA desde su creaci\u00f3n en 1998. Desempe\u00f1a un papel fundamental en la direcci\u00f3n de las operaciones program\u00e1ticas y la administraci\u00f3n de la organizaci\u00f3n. Eva cuenta con m\u00e1s de 25 a\u00f1os de experiencia en los sectores de la ense\u00f1anza superior y las organizaciones sin \u00e1nimo de lucro. Fue seleccionada como McBee Fellow por la Austin Area Research Organization en 2014, y fue nombrada L\u00edder Emergente en 2012 a trav\u00e9s del Programa de Liderazgo Neighborhood Builders del Bank of America. Se gradu\u00f3 en 2007 de la Clase de Liderazgo Hispano de Austin y en 2004 recibi\u00f3 el premio \u2019Rising Star Award\u201c del Austin Business Journal. Es licenciada en Justicia Penal por la Universidad Internacional A&amp;M de Texas. Su pasi\u00f3n por la misi\u00f3n de Capital IDEA se centra en el deseo de proporcionar oportunidades para que las personas tengan un futuro mejor y ver vidas cambiadas para siempre.<\/p>\n\t\t\t<a href=\"#team-9306\" data-fancybox=\"gallery\">\t\t\t\t\t\t\t\n\t\t\t\t\t\t\t\t\t\t\t<img decoding=\"async\" src=\"https:\/\/www.capitalidea.org\/wp-content\/uploads\/2025\/08\/Kisha-1.jpg\" alt=\"\"\/>\n\t\t\t\t\t\t\tLeer biograf\u00eda\n\t\t\t\t<h3>Kisha Smith<\/h3>\n\t\t\t\t\t\t\t\t\tDirector de Finanzas\n\t\t\t<\/a>\t\t\t\t\t\t\t\n\t\t\t\t\t\t\t\t\t\t\t<hr \/>\n\t\t\t\t\t\t\t\t\t\t\t\t\t\t\t\t\t\t\t\t\t\t\t\t\t\t\t\t\t\t\t<a href=\"mailto:accounts@capitalidea.org\" target=\"_blank\" aria-label=\"Enviar correo electr\u00f3nico\"><\/a>\n\t\t\t\t\t\t\t\t<img decoding=\"async\" src=\"https:\/\/www.capitalidea.org\/wp-content\/uploads\/2025\/08\/Kisha-1.jpg\" alt=\"\"\/>\n\t\t\t\t\t\t\t\t<h3>Kisha Smith<\/h3>\n\t\t\t\t\t\t\t\t\t\t\t\t\t\t\t\t\tDirector de Finanzas\n\t\t\t\t\t\t\t\t\t\t\t\t\t\t\t\t\t\t\t<hr \/>\n\t\t\t\t\t\t\t\t\t\t\t\t\t\t\t\t\t\t\t\t\t\t\t\t\t\t\t\t\t\t\t\t\t\t\t\t\t\t\t\t\t\t\t\t\t\t\t\t\t\t\t\t\t\t\t<a href=\"mailto:accounts@capitalidea.org\" target=\"_blank\" aria-label=\"Enviar correo electr\u00f3nico\"><\/a>\n<p>Kisha C. Smith se uni\u00f3 a Capital IDEA en 2024, trayendo consigo una gran experiencia que incluye servicios previos como Directora de Finanzas. Tiene m\u00e1s de 20 a\u00f1os de experiencia en finanzas y m\u00e1s de 15 a\u00f1os de experiencia trabajando con subvenciones federales y estatales en diversas industrias y sectores sin \u00e1nimo de lucro, incluida la educaci\u00f3n superior. A lo largo de su carrera, ha gestionado m\u00e1s de $15 millones de d\u00f3lares en fondos federales y estatales. Kisha es alumna de Leadership Austin Essential 43 Class of 2022, graduada del Cornell Women's Entrepreneurship Program y tiene un m\u00e1ster en contabilidad y otro en administraci\u00f3n de empresas. Ella cree en la colaboraci\u00f3n para navegar los desaf\u00edos, en aprovechar las oportunidades para alcanzar nuevos hitos, y est\u00e1 deseando aprovechar su experiencia para promover el crecimiento y la salud financiera en Capital IDEA.<\/p>\n\t\t\t<a href=\"#team-9307\" data-fancybox=\"gallery\">\t\t\t\t\t\t\t\n\t\t\t\t\t\t\t\t\t\t\t<img decoding=\"async\" src=\"https:\/\/www.capitalidea.org\/wp-content\/uploads\/2025\/08\/Amy-2-1.jpg\" alt=\"\"\/>\n\t\t\t\t\t\t\tLeer biograf\u00eda\n\t\t\t\t<h3>Amy Silvey<\/h3>\n\t\t\t\t\t\t\t\t\tDirectora de Desarrollo y Comunicaci\u00f3n\n\t\t\t<\/a>\t\t\t\t\t\t\t\n\t\t\t\t\t\t\t\t\t\t\t<hr \/>\n\t\t\t\t\t\t\t\t\t\t\t\t\t\t\t\t\t\t\t\t\t\t\t\t\t\t\t\t\t\t\t<a href=\"mailto:development@capitalidea.org\" target=\"_blank\" aria-label=\"Enviar correo electr\u00f3nico\"><\/a>\n\t\t\t\t\t\t\t\t<img decoding=\"async\" src=\"https:\/\/www.capitalidea.org\/wp-content\/uploads\/2025\/08\/Amy-2-1.jpg\" alt=\"\"\/>\n\t\t\t\t\t\t\t\t<h3>Amy Silvey<\/h3>\n\t\t\t\t\t\t\t\t\t\t\t\t\t\t\t\t\tDirectora de Desarrollo y Comunicaci\u00f3n\n\t\t\t\t\t\t\t\t\t\t\t\t\t\t\t\t\t\t\t<hr \/>\n\t\t\t\t\t\t\t\t\t\t\t\t\t\t\t\t\t\t\t\t\t\t\t\t\t\t\t\t\t\t\t\t\t\t\t\t\t\t\t\t\t\t\t\t\t\t\t\t\t\t\t\t\t\t\t<a href=\"mailto:development@capitalidea.org\" target=\"_blank\" aria-label=\"Enviar correo electr\u00f3nico\"><\/a>\n<p>Amy, que se incorpor\u00f3 al equipo de Capital IDEA en oto\u00f1o de 2017, aporta 19 a\u00f1os de experiencia en los sectores filantr\u00f3pico y sin \u00e1nimo de lucro. Despu\u00e9s de obtener su maestr\u00eda en Estudios de Museos, Amy comenz\u00f3 su carrera trabajando para una fundaci\u00f3n familiar filantr\u00f3pica en Los \u00c1ngeles, California. Esta exposici\u00f3n a la filantrop\u00eda llev\u00f3 a Amy a interesarse por utilizar sus habilidades para recaudar fondos para organizaciones sin \u00e1nimo de lucro. Durante la \u00faltima d\u00e9cada, Amy ha dedicado su carrera a la comunidad sin \u00e1nimo de lucro de Austin, dirigiendo los esfuerzos de recaudaci\u00f3n de fondos y comunicaciones en United Way for Greater Austin, Mission Capital y Central Texas Food Bank.<\/p>\n<h1>\n\t\t\tDirectorio del personal\t<\/h1>\n\t\t\t\t<h3>Rosemary Cavazos<\/h3>\n\t\t\t\t\t\t\t\t\tEspecialista en programas\n\t\t\t\t\t\t\t\t\t\t\tPrograma\n\t\t\t\t<h3>Larry Cummings<\/h3>\n\t\t\t\t\t\t\t\t\tGestor de admisi\u00f3n\/colocaci\u00f3n\n\t\t\t\t\t\t\t\t\t\t\tRelaciones p\u00fablicas y admisi\u00f3n\n\t\t\t\t<h3>Sarah Curtis<\/h3>\n\t\t\t\t\t\t\t\t\tEspecialista en orientaci\u00f3n profesional\n\t\t\t\t\t\t\t\t\t\t\tExtensi\u00f3n y admisi\u00f3n\n\t\t\t\t<h3>Cecile Fandos<\/h3>\n\t\t\t\t\t\t\t\t\tCoordinador de Relaciones con la Comunidad\n\t\t\t\t\t\t\t\t\t\t\tRelaciones p\u00fablicas y admisi\u00f3n\n\t\t\t\t\t\t\t\t\t\t\t<hr \/>\n\t\t\t\t\t\t\t\t\t\t\t\t\t\t\t\t\t\t\t\t\t\t\t\t\t\t\t\t\t\t\t<a href=\"mailto:outreach@capitalidea.org\" target=\"_blank\" aria-label=\"Enviar correo electr\u00f3nico\"><\/a>\n\t\t\t\t<h3>Burel Ford<\/h3>\n\t\t\t\t\t\t\t\t\tNavegador profesional\n\t\t\t\t\t\t\t\t\t\t\tPrograma\n\t\t\t\t<h3>Tonia Gooden<\/h3>\n\t\t\t\t\t\t\t\t\tNavegador profesional\n\t\t\t\t\t\t\t\t\t\t\tPrograma\n\t\t\t\t<h3>Sara Hern\u00e1ndez<\/h3>\n\t\t\t\t\t\t\t\t\tNavegador de proyectos\n\t\t\t\t\t\t\t\t\t\t\tPrograma\n\t\t\t\t<h3>Lori Johnson<\/h3>\n\t\t\t\t\t\t\t\t\tNavegador profesional\n\t\t\t\t\t\t\t\t\t\t\tPrograma\n\t\t\t\t<h3>Marvin Leonard<\/h3>\n\t\t\t\t\t\t\t\t\tDirector de TI\n\t\t\t\t\t\t\t\t\t\t\tOperaciones\n\t\t\t\t<h3>Janie Mendoza<\/h3>\n\t\t\t\t\t\t\t\t\tEspecialista en orientaci\u00f3n profesional\n\t\t\t\t\t\t\t\t\t\t\tExtensi\u00f3n y admisi\u00f3n\n\t\t\t\t<h3>Ron Modestia<\/h3>\n\t\t\t\t\t\t\t\t\tCoordinador principal de empleadores\n\t\t\t\t\t\t\t\t\t\t\tRelaciones p\u00fablicas y admisi\u00f3n\n\t\t\t\t<h3>Emma Mondrag\u00f3n<\/h3>\n\t\t\t\t\t\t\t\t\tEspecialista en recopilaci\u00f3n de documentos\n\t\t\t\t\t\t\t\t\t\t\tRelaciones p\u00fablicas y admisi\u00f3n\n\t\t\t\t<h3>Angela Morrill<\/h3>\n\t\t\t\t\t\t\t\t\tGestor de subvenciones\n\t\t\t\t\t\t\t\t\t\t\tDesarrollo y Comunicaci\u00f3n\n\t\t\t\t<h3>Pedro Neria<\/h3>\n\t\t\t\t\t\t\t\t\tNavegador profesional\n\t\t\t\t\t\t\t\t\t\t\tPrograma\n\t\t\t\t<h3>Ane Nguyen<\/h3>\n\t\t\t\t\t\t\t\t\tNavegador profesional\n\t\t\t\t\t\t\t\t\t\t\tPrograma\n\t\t\t\t<h3>Lia Paschal<\/h3>\n\t\t\t\t\t\t\t\t\tDirector del programa Programa\n\t\t\t\t<h3>Liz Ramon<\/h3>\n\t\t\t\t\t\t\t\t\tResponsable de Comunicaci\u00f3n\n\t\t\t\t\t\t\t\t\t\t\tDesarrollo y Comunicaci\u00f3n\n\t\t\t\t<h3>Gloria Rocha<\/h3>\n\t\t\t\t\t\t\t\t\tEspecialista en admisibilidad\n\t\t\t\t\t\t\t\t\t\t\tRelaciones p\u00fablicas y admisi\u00f3n\n\t\t\t\t<h3>Laly Ruiz<\/h3>\n\t\t\t\t\t\t\t\t\tDirector de oficina\n\t\t\t\t\t\t\t\t\t\t\tOperaciones\n\t\t\t\t<h3>Damen Smith<\/h3>\n\t\t\t\t\t\t\t\t\tNavegador profesional\n\t\t\t\t\t\t\t\t\t\t\tPrograma\n\t\t\t\t<h3>Vicente Tovar<\/h3>\n\t\t\t\t\t\t\t\t\tCoordinador de Relaciones con la Comunidad\n\t\t\t\t\t\t\t\t\t\t\tRelaciones p\u00fablicas y admisi\u00f3n\n\t\t\t\t\t\t\t\t\t\t\t<hr \/>\n\t\t\t\t\t\t\t\t\t\t\t\t\t\t\t\t\t\t\t\t\t\t\t\t\t\t\t\t\t\t\t<a href=\"mailto:outreach@capitalidea.org\" target=\"_blank\" aria-label=\"Enviar correo electr\u00f3nico\"><\/a>\n\t\t\t\t<h3>Miguel Valdez<\/h3>\n\t\t\t\t\t\t\t\t\tNavegador profesional\n\t\t\t\t\t\t\t\t\t\t\tPrograma\n\t\t\t\t<h3>Blanca V\u00e1zquez<\/h3>\n\t\t\t\t\t\t\t\t\tAsociado de contabilidad\n\t\t\t\t\t\t\t\t\t\t\tContabilidad\n\t\t\t\t<h3>Iris Zamarripa<\/h3>\n\t\t\t\t\t\t\t\t\tCreador de contenidos digitales\n\t\t\t\t\t\t\t\t\t\t\tDesarrollo y comunicaci\u00f3n\n\t\t\t\t<img decoding=\"async\" src=\"https:\/\/www.capitalidea.org\/wp-content\/uploads\/2025\/08\/CTA-4-1.jpg\" alt=\"CTA-4 (1)\" itemprop=\"image\" height=\"1100\" width=\"1100\" title=\"CTA-4 (1)\" onerror=\"this.style.display='none'\" loading=\"lazy\" \/>\n\t\t\tContacte con nosotros\t\n<h2>\n\t\t\t\u00bfNo sabe con qui\u00e9n ponerse en contacto?\t<\/h2>\n\t<p>P\u00f3ngase en contacto con nosotros a trav\u00e9s de nuestro formulario de contacto. \u00bfPrefiere ponerse en contacto directamente? Env\u00edenos un correo electr\u00f3nico a <a href=\"mailto:info@capitalidea.org\">info@capitalidea.org<\/a> o ll\u00e1menos al <a href=\"tel:(512) 457-8610\">(512) 457-8610<\/a>.<\/p>\n\t\t\t<a href=\"https:\/\/www.capitalidea.org\/es\/contact-us\/\" target=\"_self\">\n\t\t\t\t\t\t\tContacte con nosotros\n\t\t\t\t\t<\/a>","protected":false},"excerpt":{"rendered":"<p>Direcci\u00f3n y personal William Askew Director del programa Leer biograf\u00eda Alyssia Palacios-Woods Directora ejecutiva Alyssia Palacios-Woods Directora ejecutiva Alyssia Palacios-Woods es una promotora comunitaria y l\u00edder sin fines de lucro con m\u00e1s de 15 a\u00f1os de...<\/p>","protected":false},"author":7,"featured_media":0,"parent":689,"menu_order":17,"comment_status":"closed","ping_status":"closed","template":"","meta":{"_acf_changed":false,"_price":"","_stock":"","_tribe_ticket_header":"","_tribe_default_ticket_provider":"","_tribe_ticket_capacity":"0","_ticket_start_date":"","_ticket_end_date":"","_tribe_ticket_show_description":"","_tribe_ticket_show_not_going":false,"_tribe_ticket_use_global_stock":"","_tribe_ticket_global_stock_level":"","_global_stock_mode":"","_global_stock_cap":"","_tribe_rsvp_for_event":"","_tribe_ticket_going_count":"","_tribe_ticket_not_going_count":"","_tribe_tickets_list":"[]","_tribe_ticket_has_attendee_info_fields":false,"footnotes":""},"class_list":["post-7152","page","type-page","status-publish","hentry"],"acf":[],"yoast_head":"<!-- This site is optimized with the Yoast SEO Premium plugin v27.3 (Yoast SEO v27.3) - https:\/\/yoast.com\/product\/yoast-seo-premium-wordpress\/ -->\n<title>Leadership &amp; Staff | Capital IDEA<\/title>\n<meta name=\"robots\" content=\"index, follow, max-snippet:-1, max-image-preview:large, max-video-preview:-1\" \/>\n<link rel=\"canonical\" href=\"https:\/\/www.capitalidea.org\/es\/about\/team\/\" \/>\n<meta property=\"og:locale\" content=\"es_MX\" \/>\n<meta property=\"og:type\" content=\"article\" \/>\n<meta property=\"og:title\" content=\"Leadership &amp; Staff\" \/>\n<meta property=\"og:description\" content=\"Leadership &#038; Staff William Askew Program Director Read Bio Alyssia Palacios-Woods Executive Director Alyssia Palacios-Woods Executive Director Alyssia Palacios-Woods is a community builder and non-profit leader with 15+ years of&hellip;\" \/>\n<meta property=\"og:url\" content=\"https:\/\/www.capitalidea.org\/es\/about\/team\/\" \/>\n<meta property=\"og:site_name\" content=\"Capital IDEA\" \/>\n<meta property=\"article:publisher\" content=\"https:\/\/www.facebook.com\/capitalidea.austin\/\" \/>\n<meta property=\"article:modified_time\" content=\"2026-01-09T15:36:15+00:00\" \/>\n<meta property=\"og:image\" content=\"https:\/\/www.capitalidea.org\/wp-content\/uploads\/2025\/06\/star.svg\" \/>\n<meta name=\"twitter:card\" content=\"summary_large_image\" \/>\n<meta name=\"twitter:label1\" content=\"Tiempo de lectura\" \/>\n\t<meta name=\"twitter:data1\" content=\"6 minutos\" \/>\n<script type=\"application\/ld+json\" class=\"yoast-schema-graph\">{\"@context\":\"https:\\\/\\\/schema.org\",\"@graph\":[{\"@type\":\"WebPage\",\"@id\":\"https:\\\/\\\/www.capitalidea.org\\\/about\\\/team\\\/\",\"url\":\"https:\\\/\\\/www.capitalidea.org\\\/about\\\/team\\\/\",\"name\":\"Leadership & Staff | Capital IDEA\",\"isPartOf\":{\"@id\":\"https:\\\/\\\/www.capitalidea.org\\\/#website\"},\"primaryImageOfPage\":{\"@id\":\"https:\\\/\\\/www.capitalidea.org\\\/about\\\/team\\\/#primaryimage\"},\"image\":{\"@id\":\"https:\\\/\\\/www.capitalidea.org\\\/about\\\/team\\\/#primaryimage\"},\"thumbnailUrl\":\"https:\\\/\\\/www.capitalidea.org\\\/wp-content\\\/uploads\\\/2025\\\/06\\\/star.svg\",\"datePublished\":\"2025-06-13T02:05:36+00:00\",\"dateModified\":\"2026-01-09T15:36:15+00:00\",\"breadcrumb\":{\"@id\":\"https:\\\/\\\/www.capitalidea.org\\\/about\\\/team\\\/#breadcrumb\"},\"inLanguage\":\"es\",\"potentialAction\":[{\"@type\":\"ReadAction\",\"target\":[\"https:\\\/\\\/www.capitalidea.org\\\/about\\\/team\\\/\"]}]},{\"@type\":\"ImageObject\",\"inLanguage\":\"es\",\"@id\":\"https:\\\/\\\/www.capitalidea.org\\\/about\\\/team\\\/#primaryimage\",\"url\":\"https:\\\/\\\/www.capitalidea.org\\\/wp-content\\\/uploads\\\/2025\\\/06\\\/star.svg\",\"contentUrl\":\"https:\\\/\\\/www.capitalidea.org\\\/wp-content\\\/uploads\\\/2025\\\/06\\\/star.svg\"},{\"@type\":\"BreadcrumbList\",\"@id\":\"https:\\\/\\\/www.capitalidea.org\\\/about\\\/team\\\/#breadcrumb\",\"itemListElement\":[{\"@type\":\"ListItem\",\"position\":1,\"name\":\"Home\",\"item\":\"https:\\\/\\\/www.capitalidea.org\\\/\"},{\"@type\":\"ListItem\",\"position\":2,\"name\":\"About\",\"item\":\"https:\\\/\\\/www.capitalidea.org\\\/about\\\/\"},{\"@type\":\"ListItem\",\"position\":3,\"name\":\"Leadership &#038; Staff\"}]},{\"@type\":\"WebSite\",\"@id\":\"https:\\\/\\\/www.capitalidea.org\\\/#website\",\"url\":\"https:\\\/\\\/www.capitalidea.org\\\/\",\"name\":\"Capital IDEA\",\"description\":\"\",\"publisher\":{\"@id\":\"https:\\\/\\\/www.capitalidea.org\\\/#organization\"},\"potentialAction\":[{\"@type\":\"SearchAction\",\"target\":{\"@type\":\"EntryPoint\",\"urlTemplate\":\"https:\\\/\\\/www.capitalidea.org\\\/?s={search_term_string}\"},\"query-input\":{\"@type\":\"PropertyValueSpecification\",\"valueRequired\":true,\"valueName\":\"search_term_string\"}}],\"inLanguage\":\"es\"},{\"@type\":\"Organization\",\"@id\":\"https:\\\/\\\/www.capitalidea.org\\\/#organization\",\"name\":\"Capital IDEA\",\"url\":\"https:\\\/\\\/www.capitalidea.org\\\/\",\"logo\":{\"@type\":\"ImageObject\",\"inLanguage\":\"es\",\"@id\":\"https:\\\/\\\/www.capitalidea.org\\\/#\\\/schema\\\/logo\\\/image\\\/\",\"url\":\"https:\\\/\\\/www.capitalidea.org\\\/wp-content\\\/uploads\\\/2025\\\/06\\\/logo-mark.svg\",\"contentUrl\":\"https:\\\/\\\/www.capitalidea.org\\\/wp-content\\\/uploads\\\/2025\\\/06\\\/logo-mark.svg\",\"width\":1,\"height\":1,\"caption\":\"Capital IDEA\"},\"image\":{\"@id\":\"https:\\\/\\\/www.capitalidea.org\\\/#\\\/schema\\\/logo\\\/image\\\/\"},\"sameAs\":[\"https:\\\/\\\/www.facebook.com\\\/capitalidea.austin\\\/\",\"https:\\\/\\\/www.instagram.com\\\/capital_idea_atx\\\/\",\"https:\\\/\\\/www.linkedin.com\\\/company\\\/capital-idea_2\",\"https:\\\/\\\/www.tiktok.com\\\/@capitalidea_atx\"]}]}<\/script>\n<!-- \/ Yoast SEO Premium plugin. -->","yoast_head_json":{"title":"Direcci\u00f3n y personal | Capital IDEA","robots":{"index":"index","follow":"follow","max-snippet":"max-snippet:-1","max-image-preview":"max-image-preview:large","max-video-preview":"max-video-preview:-1"},"canonical":"https:\/\/www.capitalidea.org\/es\/about\/team\/","og_locale":"es_MX","og_type":"article","og_title":"Leadership & Staff","og_description":"Leadership &#038; Staff William Askew Program Director Read Bio Alyssia Palacios-Woods Executive Director Alyssia Palacios-Woods Executive Director Alyssia Palacios-Woods is a community builder and non-profit leader with 15+ years of&hellip;","og_url":"https:\/\/www.capitalidea.org\/es\/about\/team\/","og_site_name":"Capital IDEA","article_publisher":"https:\/\/www.facebook.com\/capitalidea.austin\/","article_modified_time":"2026-01-09T15:36:15+00:00","og_image":[{"url":"https:\/\/www.capitalidea.org\/wp-content\/uploads\/2025\/06\/star.svg","type":"","width":"","height":""}],"twitter_card":"summary_large_image","twitter_misc":{"Tiempo de lectura":"6 minutos"},"schema":{"@context":"https:\/\/schema.org","@graph":[{"@type":"WebPage","@id":"https:\/\/www.capitalidea.org\/about\/team\/","url":"https:\/\/www.capitalidea.org\/about\/team\/","name":"Direcci\u00f3n y personal | Capital IDEA","isPartOf":{"@id":"https:\/\/www.capitalidea.org\/#website"},"primaryImageOfPage":{"@id":"https:\/\/www.capitalidea.org\/about\/team\/#primaryimage"},"image":{"@id":"https:\/\/www.capitalidea.org\/about\/team\/#primaryimage"},"thumbnailUrl":"https:\/\/www.capitalidea.org\/wp-content\/uploads\/2025\/06\/star.svg","datePublished":"2025-06-13T02:05:36+00:00","dateModified":"2026-01-09T15:36:15+00:00","breadcrumb":{"@id":"https:\/\/www.capitalidea.org\/about\/team\/#breadcrumb"},"inLanguage":"es","potentialAction":[{"@type":"ReadAction","target":["https:\/\/www.capitalidea.org\/about\/team\/"]}]},{"@type":"ImageObject","inLanguage":"es","@id":"https:\/\/www.capitalidea.org\/about\/team\/#primaryimage","url":"https:\/\/www.capitalidea.org\/wp-content\/uploads\/2025\/06\/star.svg","contentUrl":"https:\/\/www.capitalidea.org\/wp-content\/uploads\/2025\/06\/star.svg"},{"@type":"BreadcrumbList","@id":"https:\/\/www.capitalidea.org\/about\/team\/#breadcrumb","itemListElement":[{"@type":"ListItem","position":1,"name":"Home","item":"https:\/\/www.capitalidea.org\/"},{"@type":"ListItem","position":2,"name":"About","item":"https:\/\/www.capitalidea.org\/about\/"},{"@type":"ListItem","position":3,"name":"Leadership &#038; Staff"}]},{"@type":"WebSite","@id":"https:\/\/www.capitalidea.org\/#website","url":"https:\/\/www.capitalidea.org\/","name":"Capital IDEA","description":"","publisher":{"@id":"https:\/\/www.capitalidea.org\/#organization"},"potentialAction":[{"@type":"SearchAction","target":{"@type":"EntryPoint","urlTemplate":"https:\/\/www.capitalidea.org\/?s={search_term_string}"},"query-input":{"@type":"PropertyValueSpecification","valueRequired":true,"valueName":"search_term_string"}}],"inLanguage":"es"},{"@type":"Organization","@id":"https:\/\/www.capitalidea.org\/#organization","name":"Capital IDEA","url":"https:\/\/www.capitalidea.org\/","logo":{"@type":"ImageObject","inLanguage":"es","@id":"https:\/\/www.capitalidea.org\/#\/schema\/logo\/image\/","url":"https:\/\/www.capitalidea.org\/wp-content\/uploads\/2025\/06\/logo-mark.svg","contentUrl":"https:\/\/www.capitalidea.org\/wp-content\/uploads\/2025\/06\/logo-mark.svg","width":1,"height":1,"caption":"Capital IDEA"},"image":{"@id":"https:\/\/www.capitalidea.org\/#\/schema\/logo\/image\/"},"sameAs":["https:\/\/www.facebook.com\/capitalidea.austin\/","https:\/\/www.instagram.com\/capital_idea_atx\/","https:\/\/www.linkedin.com\/company\/capital-idea_2","https:\/\/www.tiktok.com\/@capitalidea_atx"]}]}},"_links":{"self":[{"href":"https:\/\/www.capitalidea.org\/es\/wp-json\/wp\/v2\/pages\/7152","targetHints":{"allow":["GET"]}}],"collection":[{"href":"https:\/\/www.capitalidea.org\/es\/wp-json\/wp\/v2\/pages"}],"about":[{"href":"https:\/\/www.capitalidea.org\/es\/wp-json\/wp\/v2\/types\/page"}],"author":[{"embeddable":true,"href":"https:\/\/www.capitalidea.org\/es\/wp-json\/wp\/v2\/users\/7"}],"replies":[{"embeddable":true,"href":"https:\/\/www.capitalidea.org\/es\/wp-json\/wp\/v2\/comments?post=7152"}],"version-history":[{"count":22,"href":"https:\/\/www.capitalidea.org\/es\/wp-json\/wp\/v2\/pages\/7152\/revisions"}],"predecessor-version":[{"id":44800,"href":"https:\/\/www.capitalidea.org\/es\/wp-json\/wp\/v2\/pages\/7152\/revisions\/44800"}],"up":[{"embeddable":true,"href":"https:\/\/www.capitalidea.org\/es\/wp-json\/wp\/v2\/pages\/689"}],"wp:attachment":[{"href":"https:\/\/www.capitalidea.org\/es\/wp-json\/wp\/v2\/media?parent=7152"}],"curies":[{"name":"wp","href":"https:\/\/api.w.org\/{rel}","templated":true}]}}