{"id":7153,"date":"2025-06-12T22:05:36","date_gmt":"2025-06-13T02:05:36","guid":{"rendered":"https:\/\/www.capitalidea.org\/about\/board-of-directors\/"},"modified":"2025-09-03T12:53:09","modified_gmt":"2025-09-03T17:53:09","slug":"board","status":"publish","type":"page","link":"https:\/\/www.capitalidea.org\/es\/about\/board\/","title":{"rendered":"Consejo de Administraci\u00f3n"},"content":{"rendered":"<img decoding=\"async\" src=\"https:\/\/www.capitalidea.org\/wp-content\/uploads\/2025\/06\/star.svg\" alt=\"star\" itemprop=\"image\" height=\"55\" width=\"57\" title=\"estrella\" onerror=\"this.style.display='none'\" loading=\"lazy\" \/>\n<h1>\n\t\t\tConsejo de Administraci\u00f3n\t<\/h1>\n\t<p>Los miembros de nuestra junta fundadora reflejaban el compromiso de la comunidad y las empresas que desarrollaron nuestra misi\u00f3n. Representaban a las partes interesadas en la justicia social, as\u00ed como a los principales nombres de la sanidad y la tecnolog\u00eda de la regi\u00f3n, y esto sigue siendo as\u00ed hoy en d\u00eda.<\/p>\n\t\t\t\t\t\t\t\t\t\t\t<img decoding=\"async\" src=\"https:\/\/www.capitalidea.org\/wp-content\/uploads\/2025\/07\/Sally-Gillam-1.png\" alt=\"\"\/>\n\t\t\t\t<h3>Dra. Sally Gillam<\/h3>\n\t\t\t\t\t\t\t\t\tPresidente del Consejo | Baylor Scott &amp; White Health\n\t\t\t\t\t\t\t\t\t\t\t<img decoding=\"async\" src=\"https:\/\/www.capitalidea.org\/wp-content\/uploads\/2025\/07\/10.jpg\" alt=\"\"\/>\n\t\t\t\t<h3>Carlota Garc\u00eda<\/h3>\n\t\t\t\t\t\t\t\t\tVicepresidente del Consejo | Central Texas Interfaith\n\t\t\t\t\t\t\t\t\t\t\t<img decoding=\"async\" src=\"https:\/\/www.capitalidea.org\/wp-content\/uploads\/2025\/07\/1.jpg\" alt=\"\"\/>\n\t\t\t\t<h3>Toni Swinton<\/h3>\n\t\t\t\t\t\t\t\t\tSecretario del Consejo | HCA Healthcare\n\t\t\t\t\t\t\t\t\t\t\t<img decoding=\"async\" src=\"https:\/\/www.capitalidea.org\/wp-content\/uploads\/2025\/07\/6.jpg\" alt=\"\"\/>\n\t\t\t\t<h3>Jeff Thompson<\/h3>\n\t\t\t\t\t\t\t\t\tTesorero de la Junta | Central Texas Interfaith\n\t\t\t\t\t\t\t\t\t\t\t<img decoding=\"async\" src=\"https:\/\/www.capitalidea.org\/wp-content\/uploads\/2025\/07\/4.jpg\" alt=\"\"\/>\n\t\t\t\t<h3>Katherine Kirby<\/h3>\n\t\t\t\t\t\t\t\t\tMiembro del Consejo de Administraci\u00f3n &amp; Alumni | Penumbra, Inc.\n\t\t\t\t\t\t\t\t\t\t\t<img decoding=\"async\" src=\"https:\/\/www.capitalidea.org\/wp-content\/uploads\/2025\/07\/3.jpg\" alt=\"\"\/>\n\t\t\t\t<h3>Sammy Hall, Sr.<\/h3>\n\t\t\t\t\t\t\t\t\tMiembro del Consejo | Central Texas Interfaith\n\t\t\t\t\t\t\t\t\t\t\t<img decoding=\"async\" src=\"https:\/\/www.capitalidea.org\/wp-content\/uploads\/2025\/07\/2.jpg\" alt=\"\"\/>\n\t\t\t\t<h3>Trenton Henrichson<\/h3>\n\t\t\t\t\t\t\t\t\tMiembro del Consejo | Central Texas Interfaith\n\t\t\t\t\t\t\t\t\t\t\t<img decoding=\"async\" src=\"https:\/\/www.capitalidea.org\/wp-content\/uploads\/2025\/07\/jay-huckabee-1.jpg\" alt=\"\"\/>\n\t\t\t\t<h3>Jay Huckabee<\/h3>\n\t\t\t\t\t\t\t\t\tMiembro de la Junta Directiva | Ascension Texas\n\t\t\t\t\t\t\t\t\t\t\t<img decoding=\"async\" src=\"https:\/\/www.capitalidea.org\/wp-content\/uploads\/2025\/07\/8.jpg\" alt=\"\"\/>\n\t\t\t\t<h3>Enrique J. S\u00e1enz<\/h3>\n\t\t\t\t\t\t\t\t\tMiembro del Consejo | Central Texas Interfaith\n\t\t\t\t\t\t\t\t\t\t\t<img decoding=\"async\" src=\"https:\/\/www.capitalidea.org\/wp-content\/uploads\/2025\/07\/5.jpg\" alt=\"\"\/>\n\t\t\t\t<h3>John Sapp<\/h3>\n\t\t\t\t\t\t\t\t\tMiembro del Consejo | Texas Mutual\n\t\t\t\t\t\t\t\t\t\t\t<img decoding=\"async\" src=\"https:\/\/www.capitalidea.org\/wp-content\/uploads\/2025\/07\/Lydia-Moore-1.png\" alt=\"\"\/>\n\t\t\t\t<h3>Lydia Moore<\/h3>\n\t\t\t\t\t\t\t\t\tMiembro del Consejo | Central Texas Interfaith\n\t\t\t\t\t\t\t\t\t\t\t<img decoding=\"async\" src=\"https:\/\/www.capitalidea.org\/wp-content\/uploads\/2025\/07\/Headshot-Placeholder-2.png\" alt=\"\"\/>\n\t\t\t\t<h3>Edie Clark<\/h3>\n\t\t\t\t\t\t\t\t\tMiembro del Consejo | Central Texas Interfaith\n\t\t\t\t<img decoding=\"async\" src=\"https:\/\/www.capitalidea.org\/wp-content\/uploads\/2025\/07\/CTI_Logo.jpg\" alt=\"CTI_Logo\" itemprop=\"image\" height=\"400\" width=\"400\" title=\"CTI_Logo\" onerror=\"this.style.display='none'\" loading=\"lazy\" \/>\n<h2>\n\t\t\tAcerca de Central Texas Interfaith\t<\/h2>\n\t<p>Central Texas Interfaith es una amplia coalici\u00f3n no partidista de congregaciones, escuelas p\u00fablicas y sindicatos que trabajan juntos para abordar cuestiones p\u00fablicas que afectan al bienestar de las familias y los barrios de nuestra comunidad. Central Texas Interfaith es una de las treinta organizaciones de la red West \/ Southwest IAF y una de las sesenta y cinco organizaciones que componen la Industrial Areas Foundation.<\/p>\n<p>En 1998, Central Texas Interfaith fund\u00f3 Capital IDEA, reuniendo a instituciones comunitarias y l\u00edderes empresariales para garantizar la financiaci\u00f3n p\u00fablica a largo plazo del programa.<\/p>\n\t\t\t<a href=\"https:\/\/www.centraltexasinterfaith.org\/\" target=\"_blank\" rel=\"noopener\">\n\t\t\t\t\t\t\tM\u00e1s informaci\u00f3n\n\t\t\t\t\t<\/a>","protected":false},"excerpt":{"rendered":"<p>Junta Directiva Los miembros de nuestra junta fundadora reflejaban el compromiso de la comunidad y las empresas que desarrollaron nuestra misi\u00f3n. Representaban a partes interesadas en la justicia social, as\u00ed como a...<\/p>","protected":false},"author":7,"featured_media":0,"parent":689,"menu_order":18,"comment_status":"closed","ping_status":"closed","template":"","meta":{"_acf_changed":false,"_price":"","_stock":"","_tribe_ticket_header":"","_tribe_default_ticket_provider":"","_tribe_ticket_capacity":"0","_ticket_start_date":"","_ticket_end_date":"","_tribe_ticket_show_description":"","_tribe_ticket_show_not_going":false,"_tribe_ticket_use_global_stock":"","_tribe_ticket_global_stock_level":"","_global_stock_mode":"","_global_stock_cap":"","_tribe_rsvp_for_event":"","_tribe_ticket_going_count":"","_tribe_ticket_not_going_count":"","_tribe_tickets_list":"[]","_tribe_ticket_has_attendee_info_fields":false,"footnotes":""},"class_list":["post-7153","page","type-page","status-publish","hentry"],"acf":[],"yoast_head":"<!-- This site is optimized with the Yoast SEO Premium plugin v27.3 (Yoast SEO v27.3) - https:\/\/yoast.com\/product\/yoast-seo-premium-wordpress\/ -->\n<title>Board of Directors | Capital IDEA<\/title>\n<meta name=\"robots\" content=\"index, follow, max-snippet:-1, max-image-preview:large, max-video-preview:-1\" \/>\n<link rel=\"canonical\" href=\"https:\/\/www.capitalidea.org\/es\/about\/board\/\" \/>\n<meta property=\"og:locale\" content=\"es_MX\" \/>\n<meta property=\"og:type\" content=\"article\" \/>\n<meta property=\"og:title\" content=\"Board of Directors\" \/>\n<meta property=\"og:description\" content=\"Board of Directors Our founding board members were reflective of the community and corporate engagement that developed our mission. They represented social justice stakeholders, as well as leading healthcare and&hellip;\" \/>\n<meta property=\"og:url\" content=\"https:\/\/www.capitalidea.org\/es\/about\/board\/\" \/>\n<meta property=\"og:site_name\" content=\"Capital IDEA\" \/>\n<meta property=\"article:publisher\" content=\"https:\/\/www.facebook.com\/capitalidea.austin\/\" \/>\n<meta property=\"article:modified_time\" content=\"2025-09-03T17:53:09+00:00\" \/>\n<meta property=\"og:image\" content=\"https:\/\/www.capitalidea.org\/wp-content\/uploads\/2025\/06\/star.svg\" \/>\n<meta name=\"twitter:card\" content=\"summary_large_image\" \/>\n<meta name=\"twitter:label1\" content=\"Tiempo de lectura\" \/>\n\t<meta name=\"twitter:data1\" content=\"4 minutos\" \/>\n<script type=\"application\/ld+json\" class=\"yoast-schema-graph\">{\"@context\":\"https:\\\/\\\/schema.org\",\"@graph\":[{\"@type\":\"WebPage\",\"@id\":\"https:\\\/\\\/www.capitalidea.org\\\/about\\\/board\\\/\",\"url\":\"https:\\\/\\\/www.capitalidea.org\\\/about\\\/board\\\/\",\"name\":\"Board of Directors | Capital IDEA\",\"isPartOf\":{\"@id\":\"https:\\\/\\\/www.capitalidea.org\\\/#website\"},\"primaryImageOfPage\":{\"@id\":\"https:\\\/\\\/www.capitalidea.org\\\/about\\\/board\\\/#primaryimage\"},\"image\":{\"@id\":\"https:\\\/\\\/www.capitalidea.org\\\/about\\\/board\\\/#primaryimage\"},\"thumbnailUrl\":\"https:\\\/\\\/www.capitalidea.org\\\/wp-content\\\/uploads\\\/2025\\\/06\\\/star.svg\",\"datePublished\":\"2025-06-13T02:05:36+00:00\",\"dateModified\":\"2025-09-03T17:53:09+00:00\",\"breadcrumb\":{\"@id\":\"https:\\\/\\\/www.capitalidea.org\\\/about\\\/board\\\/#breadcrumb\"},\"inLanguage\":\"es\",\"potentialAction\":[{\"@type\":\"ReadAction\",\"target\":[\"https:\\\/\\\/www.capitalidea.org\\\/about\\\/board\\\/\"]}]},{\"@type\":\"ImageObject\",\"inLanguage\":\"es\",\"@id\":\"https:\\\/\\\/www.capitalidea.org\\\/about\\\/board\\\/#primaryimage\",\"url\":\"https:\\\/\\\/www.capitalidea.org\\\/wp-content\\\/uploads\\\/2025\\\/06\\\/star.svg\",\"contentUrl\":\"https:\\\/\\\/www.capitalidea.org\\\/wp-content\\\/uploads\\\/2025\\\/06\\\/star.svg\"},{\"@type\":\"BreadcrumbList\",\"@id\":\"https:\\\/\\\/www.capitalidea.org\\\/about\\\/board\\\/#breadcrumb\",\"itemListElement\":[{\"@type\":\"ListItem\",\"position\":1,\"name\":\"Home\",\"item\":\"https:\\\/\\\/www.capitalidea.org\\\/\"},{\"@type\":\"ListItem\",\"position\":2,\"name\":\"About\",\"item\":\"https:\\\/\\\/www.capitalidea.org\\\/about\\\/\"},{\"@type\":\"ListItem\",\"position\":3,\"name\":\"Board of Directors\"}]},{\"@type\":\"WebSite\",\"@id\":\"https:\\\/\\\/www.capitalidea.org\\\/#website\",\"url\":\"https:\\\/\\\/www.capitalidea.org\\\/\",\"name\":\"Capital IDEA\",\"description\":\"\",\"publisher\":{\"@id\":\"https:\\\/\\\/www.capitalidea.org\\\/#organization\"},\"potentialAction\":[{\"@type\":\"SearchAction\",\"target\":{\"@type\":\"EntryPoint\",\"urlTemplate\":\"https:\\\/\\\/www.capitalidea.org\\\/?s={search_term_string}\"},\"query-input\":{\"@type\":\"PropertyValueSpecification\",\"valueRequired\":true,\"valueName\":\"search_term_string\"}}],\"inLanguage\":\"es\"},{\"@type\":\"Organization\",\"@id\":\"https:\\\/\\\/www.capitalidea.org\\\/#organization\",\"name\":\"Capital IDEA\",\"url\":\"https:\\\/\\\/www.capitalidea.org\\\/\",\"logo\":{\"@type\":\"ImageObject\",\"inLanguage\":\"es\",\"@id\":\"https:\\\/\\\/www.capitalidea.org\\\/#\\\/schema\\\/logo\\\/image\\\/\",\"url\":\"https:\\\/\\\/www.capitalidea.org\\\/wp-content\\\/uploads\\\/2025\\\/06\\\/logo-mark.svg\",\"contentUrl\":\"https:\\\/\\\/www.capitalidea.org\\\/wp-content\\\/uploads\\\/2025\\\/06\\\/logo-mark.svg\",\"width\":1,\"height\":1,\"caption\":\"Capital IDEA\"},\"image\":{\"@id\":\"https:\\\/\\\/www.capitalidea.org\\\/#\\\/schema\\\/logo\\\/image\\\/\"},\"sameAs\":[\"https:\\\/\\\/www.facebook.com\\\/capitalidea.austin\\\/\",\"https:\\\/\\\/www.instagram.com\\\/capital_idea_atx\\\/\",\"https:\\\/\\\/www.linkedin.com\\\/company\\\/capital-idea_2\",\"https:\\\/\\\/www.tiktok.com\\\/@capitalidea_atx\"]}]}<\/script>\n<!-- \/ Yoast SEO Premium plugin. -->","yoast_head_json":{"title":"Consejo de Administraci\u00f3n | Capital IDEA","robots":{"index":"index","follow":"follow","max-snippet":"max-snippet:-1","max-image-preview":"max-image-preview:large","max-video-preview":"max-video-preview:-1"},"canonical":"https:\/\/www.capitalidea.org\/es\/about\/board\/","og_locale":"es_MX","og_type":"article","og_title":"Board of Directors","og_description":"Board of Directors Our founding board members were reflective of the community and corporate engagement that developed our mission. They represented social justice stakeholders, as well as leading healthcare and&hellip;","og_url":"https:\/\/www.capitalidea.org\/es\/about\/board\/","og_site_name":"Capital IDEA","article_publisher":"https:\/\/www.facebook.com\/capitalidea.austin\/","article_modified_time":"2025-09-03T17:53:09+00:00","og_image":[{"url":"https:\/\/www.capitalidea.org\/wp-content\/uploads\/2025\/06\/star.svg","type":"","width":"","height":""}],"twitter_card":"summary_large_image","twitter_misc":{"Tiempo de lectura":"4 minutos"},"schema":{"@context":"https:\/\/schema.org","@graph":[{"@type":"WebPage","@id":"https:\/\/www.capitalidea.org\/about\/board\/","url":"https:\/\/www.capitalidea.org\/about\/board\/","name":"Consejo de Administraci\u00f3n | Capital IDEA","isPartOf":{"@id":"https:\/\/www.capitalidea.org\/#website"},"primaryImageOfPage":{"@id":"https:\/\/www.capitalidea.org\/about\/board\/#primaryimage"},"image":{"@id":"https:\/\/www.capitalidea.org\/about\/board\/#primaryimage"},"thumbnailUrl":"https:\/\/www.capitalidea.org\/wp-content\/uploads\/2025\/06\/star.svg","datePublished":"2025-06-13T02:05:36+00:00","dateModified":"2025-09-03T17:53:09+00:00","breadcrumb":{"@id":"https:\/\/www.capitalidea.org\/about\/board\/#breadcrumb"},"inLanguage":"es","potentialAction":[{"@type":"ReadAction","target":["https:\/\/www.capitalidea.org\/about\/board\/"]}]},{"@type":"ImageObject","inLanguage":"es","@id":"https:\/\/www.capitalidea.org\/about\/board\/#primaryimage","url":"https:\/\/www.capitalidea.org\/wp-content\/uploads\/2025\/06\/star.svg","contentUrl":"https:\/\/www.capitalidea.org\/wp-content\/uploads\/2025\/06\/star.svg"},{"@type":"BreadcrumbList","@id":"https:\/\/www.capitalidea.org\/about\/board\/#breadcrumb","itemListElement":[{"@type":"ListItem","position":1,"name":"Home","item":"https:\/\/www.capitalidea.org\/"},{"@type":"ListItem","position":2,"name":"About","item":"https:\/\/www.capitalidea.org\/about\/"},{"@type":"ListItem","position":3,"name":"Board of Directors"}]},{"@type":"WebSite","@id":"https:\/\/www.capitalidea.org\/#website","url":"https:\/\/www.capitalidea.org\/","name":"Capital IDEA","description":"","publisher":{"@id":"https:\/\/www.capitalidea.org\/#organization"},"potentialAction":[{"@type":"SearchAction","target":{"@type":"EntryPoint","urlTemplate":"https:\/\/www.capitalidea.org\/?s={search_term_string}"},"query-input":{"@type":"PropertyValueSpecification","valueRequired":true,"valueName":"search_term_string"}}],"inLanguage":"es"},{"@type":"Organization","@id":"https:\/\/www.capitalidea.org\/#organization","name":"Capital IDEA","url":"https:\/\/www.capitalidea.org\/","logo":{"@type":"ImageObject","inLanguage":"es","@id":"https:\/\/www.capitalidea.org\/#\/schema\/logo\/image\/","url":"https:\/\/www.capitalidea.org\/wp-content\/uploads\/2025\/06\/logo-mark.svg","contentUrl":"https:\/\/www.capitalidea.org\/wp-content\/uploads\/2025\/06\/logo-mark.svg","width":1,"height":1,"caption":"Capital IDEA"},"image":{"@id":"https:\/\/www.capitalidea.org\/#\/schema\/logo\/image\/"},"sameAs":["https:\/\/www.facebook.com\/capitalidea.austin\/","https:\/\/www.instagram.com\/capital_idea_atx\/","https:\/\/www.linkedin.com\/company\/capital-idea_2","https:\/\/www.tiktok.com\/@capitalidea_atx"]}]}},"_links":{"self":[{"href":"https:\/\/www.capitalidea.org\/es\/wp-json\/wp\/v2\/pages\/7153","targetHints":{"allow":["GET"]}}],"collection":[{"href":"https:\/\/www.capitalidea.org\/es\/wp-json\/wp\/v2\/pages"}],"about":[{"href":"https:\/\/www.capitalidea.org\/es\/wp-json\/wp\/v2\/types\/page"}],"author":[{"embeddable":true,"href":"https:\/\/www.capitalidea.org\/es\/wp-json\/wp\/v2\/users\/7"}],"replies":[{"embeddable":true,"href":"https:\/\/www.capitalidea.org\/es\/wp-json\/wp\/v2\/comments?post=7153"}],"version-history":[{"count":13,"href":"https:\/\/www.capitalidea.org\/es\/wp-json\/wp\/v2\/pages\/7153\/revisions"}],"predecessor-version":[{"id":43803,"href":"https:\/\/www.capitalidea.org\/es\/wp-json\/wp\/v2\/pages\/7153\/revisions\/43803"}],"up":[{"embeddable":true,"href":"https:\/\/www.capitalidea.org\/es\/wp-json\/wp\/v2\/pages\/689"}],"wp:attachment":[{"href":"https:\/\/www.capitalidea.org\/es\/wp-json\/wp\/v2\/media?parent=7153"}],"curies":[{"name":"wp","href":"https:\/\/api.w.org\/{rel}","templated":true}]}}