{"id":7152,"date":"2025-06-12T22:05:36","date_gmt":"2025-06-13T02:05:36","guid":{"rendered":"https:\/\/www.capitalidea.org\/about\/leadership-staff\/"},"modified":"2026-01-09T09:36:15","modified_gmt":"2026-01-09T15:36:15","slug":"team","status":"publish","type":"page","link":"https:\/\/www.capitalidea.org\/fr\/about\/team\/","title":{"rendered":"Direction et personnel"},"content":{"rendered":"<img decoding=\"async\" src=\"https:\/\/www.capitalidea.org\/wp-content\/uploads\/2025\/06\/star.svg\" alt=\"star\" itemprop=\"image\" height=\"55\" width=\"57\" title=\"\u00e9toile\" onerror=\"this.style.display='none'\" loading=\"lazy\" \/>\n<h1>\n\t\t\tDirection et personnel\t<\/h1>\n\t\t\t\t\t\t\t\t\t\t\t<img decoding=\"async\" src=\"https:\/\/www.capitalidea.org\/wp-content\/uploads\/2025\/08\/William-square.png\" alt=\"\"\/>\n\t\t\t\t<h3>William Askew<\/h3>\n\t\t\t\t\t\t\t\t\tDirecteur de programme\n\t\t\t\t\t\t\t\t\t\t\t<hr \/>\n\t\t\t\t\t\t\t\t\t\t\t\t\t\t\t\t\t\t\t\t\t\t\t\t\t\t\t\t\t\t\t<a href=\"mailto:waskew@capitalidea.org\" target=\"_blank\" aria-label=\"Envoyer un courriel\"><\/a>\n\t\t\t<a href=\"#team-9293\" data-fancybox=\"gallery\">\t\t\t\t\t\t\t\n\t\t\t\t\t\t\t\t\t\t\t<img decoding=\"async\" src=\"https:\/\/www.capitalidea.org\/wp-content\/uploads\/2025\/08\/Alyssia-2-1.jpg\" alt=\"\"\/>\n\t\t\t\t\t\t\tLire la bio\n\t\t\t\t<h3>Alyssia Palacios-Woods<\/h3>\n\t\t\t\t\t\t\t\t\tDirecteur ex\u00e9cutif\n\t\t\t<\/a>\t\t\t\t\t\t\t\n\t\t\t\t\t\t\t\t\t\t\t<hr \/>\n\t\t\t\t\t\t\t\t\t\t\t\t\t\t\t\t\t\t\t\t\t\t\t\t\t\t\t\t\t\t\t<a href=\"mailto:apalacioswoods@capitalidea.org\" target=\"_blank\" aria-label=\"Envoyer un courriel\"><\/a>\n\t\t\t\t\t\t\t\t<img decoding=\"async\" src=\"https:\/\/www.capitalidea.org\/wp-content\/uploads\/2025\/08\/Alyssia-2-1.jpg\" alt=\"\"\/>\n\t\t\t\t\t\t\t\t<h3>Alyssia Palacios-Woods<\/h3>\n\t\t\t\t\t\t\t\t\t\t\t\t\t\t\t\t\tDirecteur ex\u00e9cutif\n\t\t\t\t\t\t\t\t\t\t\t\t\t\t\t\t\t\t\t<hr \/>\n\t\t\t\t\t\t\t\t\t\t\t\t\t\t\t\t\t\t\t\t\t\t\t\t\t\t\t\t\t\t\t\t\t\t\t\t\t\t\t\t\t\t\t\t\t\t\t\t\t\t\t\t\t\t\t<a href=\"mailto:apalacioswoods@capitalidea.org\" target=\"_blank\" aria-label=\"Envoyer un courriel\"><\/a>\n<p>Alyssia Palacios-Woods est une b\u00e2tisseuse de communaut\u00e9 et une dirigeante d'association \u00e0 but non lucratif qui a plus de 15 ans d'exp\u00e9rience dans le soutien aux initiatives de d\u00e9veloppement de la main-d'\u0153uvre dans le centre du Texas. Elle est une Certified Fund Raising Executive (CFRE) qui se consacre aux meilleures pratiques en mati\u00e8re d'op\u00e9rations \u00e0 but non lucratif et de collecte de fonds. Avant de rejoindre Capital IDEA, Alyssia a \u00e9t\u00e9 pr\u00e9sidente-directrice g\u00e9n\u00e9rale de l'Austin Young Chamber, o\u00f9 elle a d\u00e9fendu la collaboration r\u00e9gionale, l'esprit d'entreprise, le d\u00e9veloppement des talents et la diversit\u00e9 sur le lieu de travail. Alyssia a \u00e9t\u00e9 nomm\u00e9e par le Austin Business Journal Profiles in Power en 2019 et a \u00e9t\u00e9 finaliste du concours Austin Under 40 en 2023. Elle est titulaire d'une licence de l'universit\u00e9 St. Edward et d'une ma\u00eetrise de l'universit\u00e9 du Texas \u00e0 Austin. Elle a d\u00e9j\u00e0 si\u00e9g\u00e9 au conseil d'administration de la Chambre de commerce d'Austin, de Transit Forward et de Capital IDEA. Elle si\u00e8ge actuellement au conseil consultatif de The New Philanthropist, au conseil consultatif r\u00e9gional de l'Austin Community College et aux conseils de l'\u00e9ducation et de la main-d'\u0153uvre de la chambre de commerce d'Austin et de la chambre de commerce de Round Rock.<\/p>\n\t\t\t<a href=\"#team-9305\" data-fancybox=\"gallery\">\t\t\t\t\t\t\t\n\t\t\t\t\t\t\t\t\t\t\t<img decoding=\"async\" src=\"https:\/\/www.capitalidea.org\/wp-content\/uploads\/2025\/08\/Eva-2-1.jpg\" alt=\"\"\/>\n\t\t\t\t\t\t\tLire la bio\n\t\t\t\t<h3>Eva Rios-Lleverino<\/h3>\n\t\t\t\t\t\t\t\t\tDirecteur ex\u00e9cutif adjoint\n\t\t\t<\/a>\t\t\t\t\t\t\t\n\t\t\t\t\t\t\t\t\t\t\t<hr \/>\n\t\t\t\t\t\t\t\t\t\t\t\t\t\t\t\t\t\t\t\t\t\t\t\t\t\t\t\t\t\t\t<a href=\"mailto:erios@capitalidea.org\" target=\"_blank\" aria-label=\"Envoyer un courriel\"><\/a>\n\t\t\t\t\t\t\t\t<img decoding=\"async\" src=\"https:\/\/www.capitalidea.org\/wp-content\/uploads\/2025\/08\/Eva-2-1.jpg\" alt=\"\"\/>\n\t\t\t\t\t\t\t\t<h3>Eva Rios-Lleverino<\/h3>\n\t\t\t\t\t\t\t\t\t\t\t\t\t\t\t\t\tDirecteur ex\u00e9cutif adjoint\n\t\t\t\t\t\t\t\t\t\t\t\t\t\t\t\t\t\t\t<hr \/>\n\t\t\t\t\t\t\t\t\t\t\t\t\t\t\t\t\t\t\t\t\t\t\t\t\t\t\t\t\t\t\t\t\t\t\t\t\t\t\t\t\t\t\t\t\t\t\t\t\t\t\t\t\t\t\t<a href=\"mailto:erios@capitalidea.org\" target=\"_blank\" aria-label=\"Envoyer un courriel\"><\/a>\n<p>Eva Rios-Lleverino travaille pour Capital IDEA depuis sa cr\u00e9ation en 1998. Elle joue un r\u00f4le essentiel dans la direction des op\u00e9rations programmatiques et de l'administration de l'organisation. Eva a plus de 25 ans d'exp\u00e9rience dans les secteurs de l'enseignement sup\u00e9rieur et des organisations \u00e0 but non lucratif. Elle a \u00e9t\u00e9 s\u00e9lectionn\u00e9e comme McBee Fellow par l'Austin Area Research Organization en 2014, et a \u00e9t\u00e9 nomm\u00e9e Leader \u00e9mergent en 2012 par le biais du programme de leadership de la Bank of America's Neighborhood Builders. Elle est dipl\u00f4m\u00e9e en 2007 de la Hispanic Austin Leadership Class et a re\u00e7u en 2004 le \u2019Rising Star Award\u201c du Austin Business Journal. Elle est titulaire d'une licence en justice p\u00e9nale de l'universit\u00e9 internationale Texas A&amp;M. Sa passion pour la mission de Capital IDEA est centr\u00e9e sur le d\u00e9sir de donner aux gens la possibilit\u00e9 d'avoir un avenir meilleur et de voir des vies chang\u00e9es \u00e0 jamais.<\/p>\n\t\t\t<a href=\"#team-9306\" data-fancybox=\"gallery\">\t\t\t\t\t\t\t\n\t\t\t\t\t\t\t\t\t\t\t<img decoding=\"async\" src=\"https:\/\/www.capitalidea.org\/wp-content\/uploads\/2025\/08\/Kisha-1.jpg\" alt=\"\"\/>\n\t\t\t\t\t\t\tLire la bio\n\t\t\t\t<h3>Kisha Smith<\/h3>\n\t\t\t\t\t\t\t\t\tDirecteur des finances\n\t\t\t<\/a>\t\t\t\t\t\t\t\n\t\t\t\t\t\t\t\t\t\t\t<hr \/>\n\t\t\t\t\t\t\t\t\t\t\t\t\t\t\t\t\t\t\t\t\t\t\t\t\t\t\t\t\t\t\t<a href=\"mailto:accounts@capitalidea.org\" target=\"_blank\" aria-label=\"Envoyer un courriel\"><\/a>\n\t\t\t\t\t\t\t\t<img decoding=\"async\" src=\"https:\/\/www.capitalidea.org\/wp-content\/uploads\/2025\/08\/Kisha-1.jpg\" alt=\"\"\/>\n\t\t\t\t\t\t\t\t<h3>Kisha Smith<\/h3>\n\t\t\t\t\t\t\t\t\t\t\t\t\t\t\t\t\tDirecteur des finances\n\t\t\t\t\t\t\t\t\t\t\t\t\t\t\t\t\t\t\t<hr \/>\n\t\t\t\t\t\t\t\t\t\t\t\t\t\t\t\t\t\t\t\t\t\t\t\t\t\t\t\t\t\t\t\t\t\t\t\t\t\t\t\t\t\t\t\t\t\t\t\t\t\t\t\t\t\t\t<a href=\"mailto:accounts@capitalidea.org\" target=\"_blank\" aria-label=\"Envoyer un courriel\"><\/a>\n<p>Kisha C. Smith a rejoint Capital IDEA en 2024, apportant avec elle une riche exp\u00e9rience, notamment en tant que directrice des finances. Elle a plus de 20 ans d'exp\u00e9rience dans la finance et plus de 15 ans d'exp\u00e9rience dans le domaine des subventions financ\u00e9es par l'\u00c9tat et le gouvernement f\u00e9d\u00e9ral dans divers secteurs industriels et \u00e0 but non lucratif, y compris l'enseignement sup\u00e9rieur. Au cours de sa carri\u00e8re, elle a g\u00e9r\u00e9 plus de $15 millions de dollars de fonds f\u00e9d\u00e9raux et \u00e9tatiques. Kisha est une ancienne \u00e9l\u00e8ve de Leadership Austin Essential 43 Class of 2022, dipl\u00f4m\u00e9e du Cornell Women's Entrepreneurship Program et titulaire d'une ma\u00eetrise en comptabilit\u00e9 ainsi que d'une ma\u00eetrise en administration des affaires. Elle croit en la collaboration pour relever les d\u00e9fis, en la saisie des opportunit\u00e9s pour atteindre de nouvelles \u00e9tapes, et est impatiente de mettre \u00e0 profit son exp\u00e9rience pour promouvoir la croissance et la sant\u00e9 financi\u00e8re de Capital IDEA.<\/p>\n\t\t\t<a href=\"#team-9307\" data-fancybox=\"gallery\">\t\t\t\t\t\t\t\n\t\t\t\t\t\t\t\t\t\t\t<img decoding=\"async\" src=\"https:\/\/www.capitalidea.org\/wp-content\/uploads\/2025\/08\/Amy-2-1.jpg\" alt=\"\"\/>\n\t\t\t\t\t\t\tLire la bio\n\t\t\t\t<h3>Amy Silvey<\/h3>\n\t\t\t\t\t\t\t\t\tDirecteur du d\u00e9veloppement et de la communication\n\t\t\t<\/a>\t\t\t\t\t\t\t\n\t\t\t\t\t\t\t\t\t\t\t<hr \/>\n\t\t\t\t\t\t\t\t\t\t\t\t\t\t\t\t\t\t\t\t\t\t\t\t\t\t\t\t\t\t\t<a href=\"mailto:development@capitalidea.org\" target=\"_blank\" aria-label=\"Envoyer un courriel\"><\/a>\n\t\t\t\t\t\t\t\t<img decoding=\"async\" src=\"https:\/\/www.capitalidea.org\/wp-content\/uploads\/2025\/08\/Amy-2-1.jpg\" alt=\"\"\/>\n\t\t\t\t\t\t\t\t<h3>Amy Silvey<\/h3>\n\t\t\t\t\t\t\t\t\t\t\t\t\t\t\t\t\tDirecteur du d\u00e9veloppement et de la communication\n\t\t\t\t\t\t\t\t\t\t\t\t\t\t\t\t\t\t\t<hr \/>\n\t\t\t\t\t\t\t\t\t\t\t\t\t\t\t\t\t\t\t\t\t\t\t\t\t\t\t\t\t\t\t\t\t\t\t\t\t\t\t\t\t\t\t\t\t\t\t\t\t\t\t\t\t\t\t<a href=\"mailto:development@capitalidea.org\" target=\"_blank\" aria-label=\"Envoyer un courriel\"><\/a>\n<p>Rejoignant l'\u00e9quipe de Capital IDEA \u00e0 l'automne 2017, Amy apporte 19 ans d'exp\u00e9rience dans les secteurs non lucratif et philanthropique. Apr\u00e8s avoir obtenu une ma\u00eetrise en \u00e9tudes mus\u00e9ales, Amy a commenc\u00e9 sa carri\u00e8re en travaillant pour une fondation familiale philanthropique \u00e0 Los Angeles, en Californie. Cette exp\u00e9rience de la philanthropie l'a amen\u00e9e \u00e0 vouloir mettre ses comp\u00e9tences au service de la collecte de fonds pour des organisations \u00e0 but non lucratif. Au cours des dix derni\u00e8res ann\u00e9es, Amy a consacr\u00e9 sa carri\u00e8re \u00e0 la communaut\u00e9 des organisations \u00e0 but non lucratif d'Austin, en dirigeant les efforts de collecte de fonds et de communication de United Way for Greater Austin, de Mission Capital et de la Central Texas Food Bank.<\/p>\n<h1>\n\t\t\tAnnuaire du personnel\t<\/h1>\n\t\t\t\t<h3>Rosemary Cavazos<\/h3>\n\t\t\t\t\t\t\t\t\tSp\u00e9cialiste de programme\n\t\t\t\t\t\t\t\t\t\t\tProgramme\n\t\t\t\t<h3>Larry Cummings<\/h3>\n\t\t\t\t\t\t\t\t\tResponsable de l'accueil et du placement\n\t\t\t\t\t\t\t\t\t\t\tServices de proximit\u00e9 et d'accueil\n\t\t\t\t<h3>Sarah Curtis<\/h3>\n\t\t\t\t\t\t\t\t\tSp\u00e9cialiste de l'orientation professionnelle\n\t\t\t\t\t\t\t\t\t\t\tServices de proximit\u00e9 et d'accueil\n\t\t\t\t<h3>C\u00e9cile Fandos<\/h3>\n\t\t\t\t\t\t\t\t\tCoordinateur de l'action sociale\n\t\t\t\t\t\t\t\t\t\t\tSensibilisation et accueil\n\t\t\t\t\t\t\t\t\t\t\t<hr \/>\n\t\t\t\t\t\t\t\t\t\t\t\t\t\t\t\t\t\t\t\t\t\t\t\t\t\t\t\t\t\t\t<a href=\"mailto:outreach@capitalidea.org\" target=\"_blank\" aria-label=\"Envoyer un courriel\"><\/a>\n\t\t\t\t<h3>Burel Ford<\/h3>\n\t\t\t\t\t\t\t\t\tNavigateur de carri\u00e8re\n\t\t\t\t\t\t\t\t\t\t\tProgramme\n\t\t\t\t<h3>Tonia Gooden<\/h3>\n\t\t\t\t\t\t\t\t\tNavigateur de carri\u00e8re\n\t\t\t\t\t\t\t\t\t\t\tProgramme\n\t\t\t\t<h3>Sara Hernandez<\/h3>\n\t\t\t\t\t\t\t\t\tNavigateur de projet\n\t\t\t\t\t\t\t\t\t\t\tProgramme\n\t\t\t\t<h3>Lori Johnson<\/h3>\n\t\t\t\t\t\t\t\t\tNavigateur de carri\u00e8re\n\t\t\t\t\t\t\t\t\t\t\tProgramme\n\t\t\t\t<h3>Marvin Leonard<\/h3>\n\t\t\t\t\t\t\t\t\tResponsable informatique\n\t\t\t\t\t\t\t\t\t\t\tOp\u00e9rations\n\t\t\t\t<h3>Janie Mendoza<\/h3>\n\t\t\t\t\t\t\t\t\tSp\u00e9cialiste de l'orientation professionnelle\n\t\t\t\t\t\t\t\t\t\t\tServices de proximit\u00e9 et d'accueil\n\t\t\t\t<h3>Ron Modesty<\/h3>\n\t\t\t\t\t\t\t\t\tCoordinateur principal des employeurs\n\t\t\t\t\t\t\t\t\t\t\tSensibilisation et accueil\n\t\t\t\t<h3>Emma Mondragon<\/h3>\n\t\t\t\t\t\t\t\t\tSp\u00e9cialiste de la collecte de documents\n\t\t\t\t\t\t\t\t\t\t\tServices de proximit\u00e9 et d'accueil\n\t\t\t\t<h3>Angela Morrill<\/h3>\n\t\t\t\t\t\t\t\t\tGestionnaire des subventions\n\t\t\t\t\t\t\t\t\t\t\tD\u00e9veloppement et communication\n\t\t\t\t<h3>Pedro Neria<\/h3>\n\t\t\t\t\t\t\t\t\tNavigateur de carri\u00e8re\n\t\t\t\t\t\t\t\t\t\t\tProgramme\n\t\t\t\t<h3>Ane Nguyen<\/h3>\n\t\t\t\t\t\t\t\t\tNavigateur de carri\u00e8re\n\t\t\t\t\t\t\t\t\t\t\tProgramme\n\t\t\t\t<h3>Lia Paschal<\/h3>\n\t\t\t\t\t\t\t\t\tResponsable du programme\n\t\t\t\t\t\t\t\t\t\t\tProgramme\n\t\t\t\t<h3>Liz Ramon<\/h3>\n\t\t\t\t\t\t\t\t\tResponsable de la communication\n\t\t\t\t\t\t\t\t\t\t\tD\u00e9veloppement et communication\n\t\t\t\t<h3>Gloria Rocha<\/h3>\n\t\t\t\t\t\t\t\t\tSp\u00e9cialiste de l'\u00e9ligibilit\u00e9\n\t\t\t\t\t\t\t\t\t\t\tSensibilisation et accueil\n\t\t\t\t<h3>Laly Ruiz<\/h3>\n\t\t\t\t\t\t\t\t\tGestionnaire de bureau\n\t\t\t\t\t\t\t\t\t\t\tOp\u00e9rations\n\t\t\t\t<h3>Damen Smith<\/h3>\n\t\t\t\t\t\t\t\t\tNavigateur de carri\u00e8re\n\t\t\t\t\t\t\t\t\t\t\tProgramme\n\t\t\t\t<h3>Vincent Tovar<\/h3>\n\t\t\t\t\t\t\t\t\tCoordinateur de l'action sociale\n\t\t\t\t\t\t\t\t\t\t\tSensibilisation et accueil\n\t\t\t\t\t\t\t\t\t\t\t<hr \/>\n\t\t\t\t\t\t\t\t\t\t\t\t\t\t\t\t\t\t\t\t\t\t\t\t\t\t\t\t\t\t\t<a href=\"mailto:outreach@capitalidea.org\" target=\"_blank\" aria-label=\"Envoyer un courriel\"><\/a>\n\t\t\t\t<h3>Miguel Valdez<\/h3>\n\t\t\t\t\t\t\t\t\tNavigateur de carri\u00e8re\n\t\t\t\t\t\t\t\t\t\t\tProgramme\n\t\t\t\t<h3>Blanca Vazquez<\/h3>\n\t\t\t\t\t\t\t\t\tCollaborateur comptable\n\t\t\t\t\t\t\t\t\t\t\tComptabilit\u00e9\n\t\t\t\t<h3>Iris Zamarripa<\/h3>\n\t\t\t\t\t\t\t\t\tCr\u00e9ateur de contenu num\u00e9rique\n\t\t\t\t\t\t\t\t\t\t\tD\u00e9veloppement et communication\n\t\t\t\t<img decoding=\"async\" src=\"https:\/\/www.capitalidea.org\/wp-content\/uploads\/2025\/08\/CTA-4-1.jpg\" alt=\"CTA-4 (1)\" itemprop=\"image\" height=\"1100\" width=\"1100\" title=\"CTA-4 (1)\" onerror=\"this.style.display='none'\" loading=\"lazy\" \/>\n\t\t\tNous contacter\t\n<h2>\n\t\t\tVous ne savez pas \u00e0 qui vous adresser ?\t<\/h2>\n\t<p>Vous pouvez nous contacter via notre formulaire de contact. Vous pr\u00e9f\u00e9rez nous contacter directement ? Envoyez-nous un courriel \u00e0 <a href=\"mailto:info@capitalidea.org\">info@capitalidea.org<\/a> ou appelez-nous au <a href=\"tel:(512) 457-8610\">(512) 457-8610<\/a>.<\/p>\n\t\t\t<a href=\"https:\/\/www.capitalidea.org\/fr\/contact-us\/\" target=\"_self\">\n\t\t\t\t\t\t\tNous contacter\n\t\t\t\t\t<\/a>","protected":false},"excerpt":{"rendered":"<p>Leadership et personnel William Askew Directeur de programme Lire la bio Alyssia Palacios-Woods Directrice ex\u00e9cutive Alyssia Palacios-Woods Directrice ex\u00e9cutive Alyssia Palacios-Woods est une b\u00e2tisseuse de communaut\u00e9s et une dirigeante d'organisations \u00e0 but non lucratif....<\/p>","protected":false},"author":7,"featured_media":0,"parent":689,"menu_order":17,"comment_status":"closed","ping_status":"closed","template":"","meta":{"_acf_changed":false,"_price":"","_stock":"","_tribe_ticket_header":"","_tribe_default_ticket_provider":"","_tribe_ticket_capacity":"0","_ticket_start_date":"","_ticket_end_date":"","_tribe_ticket_show_description":"","_tribe_ticket_show_not_going":false,"_tribe_ticket_use_global_stock":"","_tribe_ticket_global_stock_level":"","_global_stock_mode":"","_global_stock_cap":"","_tribe_rsvp_for_event":"","_tribe_ticket_going_count":"","_tribe_ticket_not_going_count":"","_tribe_tickets_list":"[]","_tribe_ticket_has_attendee_info_fields":false,"footnotes":""},"class_list":["post-7152","page","type-page","status-publish","hentry"],"acf":[],"yoast_head":"<!-- This site is optimized with the Yoast SEO Premium plugin v27.3 (Yoast SEO v27.3) - https:\/\/yoast.com\/product\/yoast-seo-premium-wordpress\/ -->\n<title>Leadership &amp; Staff | Capital IDEA<\/title>\n<meta name=\"robots\" content=\"index, follow, max-snippet:-1, max-image-preview:large, max-video-preview:-1\" \/>\n<link rel=\"canonical\" href=\"https:\/\/www.capitalidea.org\/fr\/about\/team\/\" \/>\n<meta property=\"og:locale\" content=\"fr_FR\" \/>\n<meta property=\"og:type\" content=\"article\" \/>\n<meta property=\"og:title\" content=\"Leadership &amp; Staff\" \/>\n<meta property=\"og:description\" content=\"Leadership &#038; Staff William Askew Program Director Read Bio Alyssia Palacios-Woods Executive Director Alyssia Palacios-Woods Executive Director Alyssia Palacios-Woods is a community builder and non-profit leader with 15+ years of&hellip;\" \/>\n<meta property=\"og:url\" content=\"https:\/\/www.capitalidea.org\/fr\/about\/team\/\" \/>\n<meta property=\"og:site_name\" content=\"Capital IDEA\" \/>\n<meta property=\"article:publisher\" content=\"https:\/\/www.facebook.com\/capitalidea.austin\/\" \/>\n<meta property=\"article:modified_time\" content=\"2026-01-09T15:36:15+00:00\" \/>\n<meta property=\"og:image\" content=\"https:\/\/www.capitalidea.org\/wp-content\/uploads\/2025\/06\/star.svg\" \/>\n<meta name=\"twitter:card\" content=\"summary_large_image\" \/>\n<meta name=\"twitter:label1\" content=\"Dur\u00e9e de lecture estim\u00e9e\" \/>\n\t<meta name=\"twitter:data1\" content=\"6 minutes\" \/>\n<script type=\"application\/ld+json\" class=\"yoast-schema-graph\">{\"@context\":\"https:\\\/\\\/schema.org\",\"@graph\":[{\"@type\":\"WebPage\",\"@id\":\"https:\\\/\\\/www.capitalidea.org\\\/about\\\/team\\\/\",\"url\":\"https:\\\/\\\/www.capitalidea.org\\\/about\\\/team\\\/\",\"name\":\"Leadership & Staff | Capital IDEA\",\"isPartOf\":{\"@id\":\"https:\\\/\\\/www.capitalidea.org\\\/#website\"},\"primaryImageOfPage\":{\"@id\":\"https:\\\/\\\/www.capitalidea.org\\\/about\\\/team\\\/#primaryimage\"},\"image\":{\"@id\":\"https:\\\/\\\/www.capitalidea.org\\\/about\\\/team\\\/#primaryimage\"},\"thumbnailUrl\":\"https:\\\/\\\/www.capitalidea.org\\\/wp-content\\\/uploads\\\/2025\\\/06\\\/star.svg\",\"datePublished\":\"2025-06-13T02:05:36+00:00\",\"dateModified\":\"2026-01-09T15:36:15+00:00\",\"breadcrumb\":{\"@id\":\"https:\\\/\\\/www.capitalidea.org\\\/about\\\/team\\\/#breadcrumb\"},\"inLanguage\":\"fr-FR\",\"potentialAction\":[{\"@type\":\"ReadAction\",\"target\":[\"https:\\\/\\\/www.capitalidea.org\\\/about\\\/team\\\/\"]}]},{\"@type\":\"ImageObject\",\"inLanguage\":\"fr-FR\",\"@id\":\"https:\\\/\\\/www.capitalidea.org\\\/about\\\/team\\\/#primaryimage\",\"url\":\"https:\\\/\\\/www.capitalidea.org\\\/wp-content\\\/uploads\\\/2025\\\/06\\\/star.svg\",\"contentUrl\":\"https:\\\/\\\/www.capitalidea.org\\\/wp-content\\\/uploads\\\/2025\\\/06\\\/star.svg\"},{\"@type\":\"BreadcrumbList\",\"@id\":\"https:\\\/\\\/www.capitalidea.org\\\/about\\\/team\\\/#breadcrumb\",\"itemListElement\":[{\"@type\":\"ListItem\",\"position\":1,\"name\":\"Home\",\"item\":\"https:\\\/\\\/www.capitalidea.org\\\/\"},{\"@type\":\"ListItem\",\"position\":2,\"name\":\"About\",\"item\":\"https:\\\/\\\/www.capitalidea.org\\\/about\\\/\"},{\"@type\":\"ListItem\",\"position\":3,\"name\":\"Leadership &#038; Staff\"}]},{\"@type\":\"WebSite\",\"@id\":\"https:\\\/\\\/www.capitalidea.org\\\/#website\",\"url\":\"https:\\\/\\\/www.capitalidea.org\\\/\",\"name\":\"Capital IDEA\",\"description\":\"\",\"publisher\":{\"@id\":\"https:\\\/\\\/www.capitalidea.org\\\/#organization\"},\"potentialAction\":[{\"@type\":\"SearchAction\",\"target\":{\"@type\":\"EntryPoint\",\"urlTemplate\":\"https:\\\/\\\/www.capitalidea.org\\\/?s={search_term_string}\"},\"query-input\":{\"@type\":\"PropertyValueSpecification\",\"valueRequired\":true,\"valueName\":\"search_term_string\"}}],\"inLanguage\":\"fr-FR\"},{\"@type\":\"Organization\",\"@id\":\"https:\\\/\\\/www.capitalidea.org\\\/#organization\",\"name\":\"Capital IDEA\",\"url\":\"https:\\\/\\\/www.capitalidea.org\\\/\",\"logo\":{\"@type\":\"ImageObject\",\"inLanguage\":\"fr-FR\",\"@id\":\"https:\\\/\\\/www.capitalidea.org\\\/#\\\/schema\\\/logo\\\/image\\\/\",\"url\":\"https:\\\/\\\/www.capitalidea.org\\\/wp-content\\\/uploads\\\/2025\\\/06\\\/logo-mark.svg\",\"contentUrl\":\"https:\\\/\\\/www.capitalidea.org\\\/wp-content\\\/uploads\\\/2025\\\/06\\\/logo-mark.svg\",\"width\":1,\"height\":1,\"caption\":\"Capital IDEA\"},\"image\":{\"@id\":\"https:\\\/\\\/www.capitalidea.org\\\/#\\\/schema\\\/logo\\\/image\\\/\"},\"sameAs\":[\"https:\\\/\\\/www.facebook.com\\\/capitalidea.austin\\\/\",\"https:\\\/\\\/www.instagram.com\\\/capital_idea_atx\\\/\",\"https:\\\/\\\/www.linkedin.com\\\/company\\\/capital-idea_2\",\"https:\\\/\\\/www.tiktok.com\\\/@capitalidea_atx\"]}]}<\/script>\n<!-- \/ Yoast SEO Premium plugin. -->","yoast_head_json":{"title":"Direction et personnel - Capital IDEA","robots":{"index":"index","follow":"follow","max-snippet":"max-snippet:-1","max-image-preview":"max-image-preview:large","max-video-preview":"max-video-preview:-1"},"canonical":"https:\/\/www.capitalidea.org\/fr\/about\/team\/","og_locale":"fr_FR","og_type":"article","og_title":"Leadership & Staff","og_description":"Leadership &#038; Staff William Askew Program Director Read Bio Alyssia Palacios-Woods Executive Director Alyssia Palacios-Woods Executive Director Alyssia Palacios-Woods is a community builder and non-profit leader with 15+ years of&hellip;","og_url":"https:\/\/www.capitalidea.org\/fr\/about\/team\/","og_site_name":"Capital IDEA","article_publisher":"https:\/\/www.facebook.com\/capitalidea.austin\/","article_modified_time":"2026-01-09T15:36:15+00:00","og_image":[{"url":"https:\/\/www.capitalidea.org\/wp-content\/uploads\/2025\/06\/star.svg","type":"","width":"","height":""}],"twitter_card":"summary_large_image","twitter_misc":{"Dur\u00e9e de lecture estim\u00e9e":"6 minutes"},"schema":{"@context":"https:\/\/schema.org","@graph":[{"@type":"WebPage","@id":"https:\/\/www.capitalidea.org\/about\/team\/","url":"https:\/\/www.capitalidea.org\/about\/team\/","name":"Direction et personnel - Capital IDEA","isPartOf":{"@id":"https:\/\/www.capitalidea.org\/#website"},"primaryImageOfPage":{"@id":"https:\/\/www.capitalidea.org\/about\/team\/#primaryimage"},"image":{"@id":"https:\/\/www.capitalidea.org\/about\/team\/#primaryimage"},"thumbnailUrl":"https:\/\/www.capitalidea.org\/wp-content\/uploads\/2025\/06\/star.svg","datePublished":"2025-06-13T02:05:36+00:00","dateModified":"2026-01-09T15:36:15+00:00","breadcrumb":{"@id":"https:\/\/www.capitalidea.org\/about\/team\/#breadcrumb"},"inLanguage":"fr-FR","potentialAction":[{"@type":"ReadAction","target":["https:\/\/www.capitalidea.org\/about\/team\/"]}]},{"@type":"ImageObject","inLanguage":"fr-FR","@id":"https:\/\/www.capitalidea.org\/about\/team\/#primaryimage","url":"https:\/\/www.capitalidea.org\/wp-content\/uploads\/2025\/06\/star.svg","contentUrl":"https:\/\/www.capitalidea.org\/wp-content\/uploads\/2025\/06\/star.svg"},{"@type":"BreadcrumbList","@id":"https:\/\/www.capitalidea.org\/about\/team\/#breadcrumb","itemListElement":[{"@type":"ListItem","position":1,"name":"Home","item":"https:\/\/www.capitalidea.org\/"},{"@type":"ListItem","position":2,"name":"About","item":"https:\/\/www.capitalidea.org\/about\/"},{"@type":"ListItem","position":3,"name":"Leadership &#038; Staff"}]},{"@type":"WebSite","@id":"https:\/\/www.capitalidea.org\/#website","url":"https:\/\/www.capitalidea.org\/","name":"Capital IDEA","description":"","publisher":{"@id":"https:\/\/www.capitalidea.org\/#organization"},"potentialAction":[{"@type":"SearchAction","target":{"@type":"EntryPoint","urlTemplate":"https:\/\/www.capitalidea.org\/?s={search_term_string}"},"query-input":{"@type":"PropertyValueSpecification","valueRequired":true,"valueName":"search_term_string"}}],"inLanguage":"fr-FR"},{"@type":"Organization","@id":"https:\/\/www.capitalidea.org\/#organization","name":"Capital IDEA","url":"https:\/\/www.capitalidea.org\/","logo":{"@type":"ImageObject","inLanguage":"fr-FR","@id":"https:\/\/www.capitalidea.org\/#\/schema\/logo\/image\/","url":"https:\/\/www.capitalidea.org\/wp-content\/uploads\/2025\/06\/logo-mark.svg","contentUrl":"https:\/\/www.capitalidea.org\/wp-content\/uploads\/2025\/06\/logo-mark.svg","width":1,"height":1,"caption":"Capital IDEA"},"image":{"@id":"https:\/\/www.capitalidea.org\/#\/schema\/logo\/image\/"},"sameAs":["https:\/\/www.facebook.com\/capitalidea.austin\/","https:\/\/www.instagram.com\/capital_idea_atx\/","https:\/\/www.linkedin.com\/company\/capital-idea_2","https:\/\/www.tiktok.com\/@capitalidea_atx"]}]}},"_links":{"self":[{"href":"https:\/\/www.capitalidea.org\/fr\/wp-json\/wp\/v2\/pages\/7152","targetHints":{"allow":["GET"]}}],"collection":[{"href":"https:\/\/www.capitalidea.org\/fr\/wp-json\/wp\/v2\/pages"}],"about":[{"href":"https:\/\/www.capitalidea.org\/fr\/wp-json\/wp\/v2\/types\/page"}],"author":[{"embeddable":true,"href":"https:\/\/www.capitalidea.org\/fr\/wp-json\/wp\/v2\/users\/7"}],"replies":[{"embeddable":true,"href":"https:\/\/www.capitalidea.org\/fr\/wp-json\/wp\/v2\/comments?post=7152"}],"version-history":[{"count":22,"href":"https:\/\/www.capitalidea.org\/fr\/wp-json\/wp\/v2\/pages\/7152\/revisions"}],"predecessor-version":[{"id":44800,"href":"https:\/\/www.capitalidea.org\/fr\/wp-json\/wp\/v2\/pages\/7152\/revisions\/44800"}],"up":[{"embeddable":true,"href":"https:\/\/www.capitalidea.org\/fr\/wp-json\/wp\/v2\/pages\/689"}],"wp:attachment":[{"href":"https:\/\/www.capitalidea.org\/fr\/wp-json\/wp\/v2\/media?parent=7152"}],"curies":[{"name":"wp","href":"https:\/\/api.w.org\/{rel}","templated":true}]}}