{"id":7153,"date":"2025-06-12T22:05:36","date_gmt":"2025-06-13T02:05:36","guid":{"rendered":"https:\/\/www.capitalidea.org\/about\/board-of-directors\/"},"modified":"2025-09-03T12:53:09","modified_gmt":"2025-09-03T17:53:09","slug":"board","status":"publish","type":"page","link":"https:\/\/www.capitalidea.org\/fr\/about\/board\/","title":{"rendered":"Conseil d'administration"},"content":{"rendered":"<img decoding=\"async\" src=\"https:\/\/www.capitalidea.org\/wp-content\/uploads\/2025\/06\/star.svg\" alt=\"star\" itemprop=\"image\" height=\"55\" width=\"57\" title=\"\u00e9toile\" onerror=\"this.style.display='none'\" loading=\"lazy\" \/>\n<h1>\n\t\t\tConseil d'administration\t<\/h1>\n\t<p>Les membres de notre conseil d'administration fondateur refl\u00e9taient l'engagement de la communaut\u00e9 et des entreprises qui ont d\u00e9velopp\u00e9 notre mission. Ils repr\u00e9sentaient des acteurs de la justice sociale, ainsi que des grands noms de la sant\u00e9 et de la technologie dans la r\u00e9gion, et cela reste vrai aujourd'hui.<\/p>\n\t\t\t\t\t\t\t\t\t\t\t<img decoding=\"async\" src=\"https:\/\/www.capitalidea.org\/wp-content\/uploads\/2025\/07\/Sally-Gillam-1.png\" alt=\"\"\/>\n\t\t\t\t<h3>Dr. Sally Gillam<\/h3>\n\t\t\t\t\t\t\t\t\tPr\u00e9sident du conseil d'administration de Baylor Scott &amp; White Health\n\t\t\t\t\t\t\t\t\t\t\t<img decoding=\"async\" src=\"https:\/\/www.capitalidea.org\/wp-content\/uploads\/2025\/07\/10.jpg\" alt=\"\"\/>\n\t\t\t\t<h3>Carlota Garcia<\/h3>\n\t\t\t\t\t\t\t\t\tVice-pr\u00e9sident du conseil d'administration de Central Texas Interfaith\n\t\t\t\t\t\t\t\t\t\t\t<img decoding=\"async\" src=\"https:\/\/www.capitalidea.org\/wp-content\/uploads\/2025\/07\/1.jpg\" alt=\"\"\/>\n\t\t\t\t<h3>Toni Swinton<\/h3>\n\t\t\t\t\t\t\t\t\tSecr\u00e9taire du conseil d'administration de HCA Healthcare\n\t\t\t\t\t\t\t\t\t\t\t<img decoding=\"async\" src=\"https:\/\/www.capitalidea.org\/wp-content\/uploads\/2025\/07\/6.jpg\" alt=\"\"\/>\n\t\t\t\t<h3>Jeff Thompson<\/h3>\n\t\t\t\t\t\t\t\t\tTr\u00e9sorier du conseil d'administration de Central Texas Interfaith\n\t\t\t\t\t\t\t\t\t\t\t<img decoding=\"async\" src=\"https:\/\/www.capitalidea.org\/wp-content\/uploads\/2025\/07\/4.jpg\" alt=\"\"\/>\n\t\t\t\t<h3>Katherine Kirby<\/h3>\n\t\t\t\t\t\t\t\t\tMembre du conseil d'administration et ancien \u00e9l\u00e8ve de Penumbra, Inc.\n\t\t\t\t\t\t\t\t\t\t\t<img decoding=\"async\" src=\"https:\/\/www.capitalidea.org\/wp-content\/uploads\/2025\/07\/3.jpg\" alt=\"\"\/>\n\t\t\t\t<h3>Sammy Hall, Sr.<\/h3>\n\t\t\t\t\t\t\t\t\tMembre du conseil d'administration de Central Texas Interfaith\n\t\t\t\t\t\t\t\t\t\t\t<img decoding=\"async\" src=\"https:\/\/www.capitalidea.org\/wp-content\/uploads\/2025\/07\/2.jpg\" alt=\"\"\/>\n\t\t\t\t<h3>Trenton Henrichson<\/h3>\n\t\t\t\t\t\t\t\t\tMembre du conseil d'administration de Central Texas Interfaith\n\t\t\t\t\t\t\t\t\t\t\t<img decoding=\"async\" src=\"https:\/\/www.capitalidea.org\/wp-content\/uploads\/2025\/07\/jay-huckabee-1.jpg\" alt=\"\"\/>\n\t\t\t\t<h3>Jay Huckabee<\/h3>\n\t\t\t\t\t\t\t\t\tMembre du conseil d'administration d'Ascension Texas\n\t\t\t\t\t\t\t\t\t\t\t<img decoding=\"async\" src=\"https:\/\/www.capitalidea.org\/wp-content\/uploads\/2025\/07\/8.jpg\" alt=\"\"\/>\n\t\t\t\t<h3>Enrique J. Saenz<\/h3>\n\t\t\t\t\t\t\t\t\tMembre du conseil d'administration de Central Texas Interfaith\n\t\t\t\t\t\t\t\t\t\t\t<img decoding=\"async\" src=\"https:\/\/www.capitalidea.org\/wp-content\/uploads\/2025\/07\/5.jpg\" alt=\"\"\/>\n\t\t\t\t<h3>John Sapp<\/h3>\n\t\t\t\t\t\t\t\t\tMembre du conseil d'administration de Texas Mutual\n\t\t\t\t\t\t\t\t\t\t\t<img decoding=\"async\" src=\"https:\/\/www.capitalidea.org\/wp-content\/uploads\/2025\/07\/Lydia-Moore-1.png\" alt=\"\"\/>\n\t\t\t\t<h3>Lydia Moore<\/h3>\n\t\t\t\t\t\t\t\t\tMembre du conseil d'administration de Central Texas Interfaith\n\t\t\t\t\t\t\t\t\t\t\t<img decoding=\"async\" src=\"https:\/\/www.capitalidea.org\/wp-content\/uploads\/2025\/07\/Headshot-Placeholder-2.png\" alt=\"\"\/>\n\t\t\t\t<h3>Edie Clark<\/h3>\n\t\t\t\t\t\t\t\t\tMembre du conseil d'administration de Central Texas Interfaith\n\t\t\t\t<img decoding=\"async\" src=\"https:\/\/www.capitalidea.org\/wp-content\/uploads\/2025\/07\/CTI_Logo.jpg\" alt=\"CTI_Logo\" itemprop=\"image\" height=\"400\" width=\"400\" title=\"CTI_Logo\" onerror=\"this.style.display='none'\" loading=\"lazy\" \/>\n<h2>\n\t\t\t\u00c0 propos de Central Texas Interfaith\t<\/h2>\n\t<p>Central Texas Interfaith est une large coalition non partisane de congr\u00e9gations, d'\u00e9coles publiques et de syndicats qui travaillent ensemble pour traiter les questions publiques qui affectent le bien-\u00eatre des familles et des quartiers de notre communaut\u00e9. Central Texas Interfaith est l'une des trente organisations du r\u00e9seau West \/ Southwest IAF et l'une des soixante-cinq organisations qui composent l'Industrial Areas Foundation.<\/p>\n<p>En 1998, Central Texas Interfaith a fond\u00e9 Capital IDEA, r\u00e9unissant des institutions communautaires et des chefs d'entreprise afin de garantir un financement public \u00e0 long terme pour le programme.<\/p>\n\t\t\t<a href=\"https:\/\/www.centraltexasinterfaith.org\/\" target=\"_blank\" rel=\"noopener\">\n\t\t\t\t\t\t\tEn savoir plus\n\t\t\t\t\t<\/a>","protected":false},"excerpt":{"rendered":"<p>Conseil d'administration Les membres de notre conseil d'administration fondateur sont le reflet de l'engagement de la communaut\u00e9 et des entreprises qui ont d\u00e9velopp\u00e9 notre mission. Ils repr\u00e9sentaient des acteurs de la justice sociale, ainsi que des...<\/p>","protected":false},"author":7,"featured_media":0,"parent":689,"menu_order":18,"comment_status":"closed","ping_status":"closed","template":"","meta":{"_acf_changed":false,"_price":"","_stock":"","_tribe_ticket_header":"","_tribe_default_ticket_provider":"","_tribe_ticket_capacity":"0","_ticket_start_date":"","_ticket_end_date":"","_tribe_ticket_show_description":"","_tribe_ticket_show_not_going":false,"_tribe_ticket_use_global_stock":"","_tribe_ticket_global_stock_level":"","_global_stock_mode":"","_global_stock_cap":"","_tribe_rsvp_for_event":"","_tribe_ticket_going_count":"","_tribe_ticket_not_going_count":"","_tribe_tickets_list":"[]","_tribe_ticket_has_attendee_info_fields":false,"footnotes":""},"class_list":["post-7153","page","type-page","status-publish","hentry"],"acf":[],"yoast_head":"<!-- This site is optimized with the Yoast SEO Premium plugin v27.3 (Yoast SEO v27.3) - https:\/\/yoast.com\/product\/yoast-seo-premium-wordpress\/ -->\n<title>Board of Directors | Capital IDEA<\/title>\n<meta name=\"robots\" content=\"index, follow, max-snippet:-1, max-image-preview:large, max-video-preview:-1\" \/>\n<link rel=\"canonical\" href=\"https:\/\/www.capitalidea.org\/fr\/about\/board\/\" \/>\n<meta property=\"og:locale\" content=\"fr_FR\" \/>\n<meta property=\"og:type\" content=\"article\" \/>\n<meta property=\"og:title\" content=\"Board of Directors\" \/>\n<meta property=\"og:description\" content=\"Board of Directors Our founding board members were reflective of the community and corporate engagement that developed our mission. They represented social justice stakeholders, as well as leading healthcare and&hellip;\" \/>\n<meta property=\"og:url\" content=\"https:\/\/www.capitalidea.org\/fr\/about\/board\/\" \/>\n<meta property=\"og:site_name\" content=\"Capital IDEA\" \/>\n<meta property=\"article:publisher\" content=\"https:\/\/www.facebook.com\/capitalidea.austin\/\" \/>\n<meta property=\"article:modified_time\" content=\"2025-09-03T17:53:09+00:00\" \/>\n<meta property=\"og:image\" content=\"https:\/\/www.capitalidea.org\/wp-content\/uploads\/2025\/06\/star.svg\" \/>\n<meta name=\"twitter:card\" content=\"summary_large_image\" \/>\n<meta name=\"twitter:label1\" content=\"Dur\u00e9e de lecture estim\u00e9e\" \/>\n\t<meta name=\"twitter:data1\" content=\"4 minutes\" \/>\n<script type=\"application\/ld+json\" class=\"yoast-schema-graph\">{\"@context\":\"https:\\\/\\\/schema.org\",\"@graph\":[{\"@type\":\"WebPage\",\"@id\":\"https:\\\/\\\/www.capitalidea.org\\\/about\\\/board\\\/\",\"url\":\"https:\\\/\\\/www.capitalidea.org\\\/about\\\/board\\\/\",\"name\":\"Board of Directors | Capital IDEA\",\"isPartOf\":{\"@id\":\"https:\\\/\\\/www.capitalidea.org\\\/#website\"},\"primaryImageOfPage\":{\"@id\":\"https:\\\/\\\/www.capitalidea.org\\\/about\\\/board\\\/#primaryimage\"},\"image\":{\"@id\":\"https:\\\/\\\/www.capitalidea.org\\\/about\\\/board\\\/#primaryimage\"},\"thumbnailUrl\":\"https:\\\/\\\/www.capitalidea.org\\\/wp-content\\\/uploads\\\/2025\\\/06\\\/star.svg\",\"datePublished\":\"2025-06-13T02:05:36+00:00\",\"dateModified\":\"2025-09-03T17:53:09+00:00\",\"breadcrumb\":{\"@id\":\"https:\\\/\\\/www.capitalidea.org\\\/about\\\/board\\\/#breadcrumb\"},\"inLanguage\":\"fr-FR\",\"potentialAction\":[{\"@type\":\"ReadAction\",\"target\":[\"https:\\\/\\\/www.capitalidea.org\\\/about\\\/board\\\/\"]}]},{\"@type\":\"ImageObject\",\"inLanguage\":\"fr-FR\",\"@id\":\"https:\\\/\\\/www.capitalidea.org\\\/about\\\/board\\\/#primaryimage\",\"url\":\"https:\\\/\\\/www.capitalidea.org\\\/wp-content\\\/uploads\\\/2025\\\/06\\\/star.svg\",\"contentUrl\":\"https:\\\/\\\/www.capitalidea.org\\\/wp-content\\\/uploads\\\/2025\\\/06\\\/star.svg\"},{\"@type\":\"BreadcrumbList\",\"@id\":\"https:\\\/\\\/www.capitalidea.org\\\/about\\\/board\\\/#breadcrumb\",\"itemListElement\":[{\"@type\":\"ListItem\",\"position\":1,\"name\":\"Home\",\"item\":\"https:\\\/\\\/www.capitalidea.org\\\/\"},{\"@type\":\"ListItem\",\"position\":2,\"name\":\"About\",\"item\":\"https:\\\/\\\/www.capitalidea.org\\\/about\\\/\"},{\"@type\":\"ListItem\",\"position\":3,\"name\":\"Board of Directors\"}]},{\"@type\":\"WebSite\",\"@id\":\"https:\\\/\\\/www.capitalidea.org\\\/#website\",\"url\":\"https:\\\/\\\/www.capitalidea.org\\\/\",\"name\":\"Capital IDEA\",\"description\":\"\",\"publisher\":{\"@id\":\"https:\\\/\\\/www.capitalidea.org\\\/#organization\"},\"potentialAction\":[{\"@type\":\"SearchAction\",\"target\":{\"@type\":\"EntryPoint\",\"urlTemplate\":\"https:\\\/\\\/www.capitalidea.org\\\/?s={search_term_string}\"},\"query-input\":{\"@type\":\"PropertyValueSpecification\",\"valueRequired\":true,\"valueName\":\"search_term_string\"}}],\"inLanguage\":\"fr-FR\"},{\"@type\":\"Organization\",\"@id\":\"https:\\\/\\\/www.capitalidea.org\\\/#organization\",\"name\":\"Capital IDEA\",\"url\":\"https:\\\/\\\/www.capitalidea.org\\\/\",\"logo\":{\"@type\":\"ImageObject\",\"inLanguage\":\"fr-FR\",\"@id\":\"https:\\\/\\\/www.capitalidea.org\\\/#\\\/schema\\\/logo\\\/image\\\/\",\"url\":\"https:\\\/\\\/www.capitalidea.org\\\/wp-content\\\/uploads\\\/2025\\\/06\\\/logo-mark.svg\",\"contentUrl\":\"https:\\\/\\\/www.capitalidea.org\\\/wp-content\\\/uploads\\\/2025\\\/06\\\/logo-mark.svg\",\"width\":1,\"height\":1,\"caption\":\"Capital IDEA\"},\"image\":{\"@id\":\"https:\\\/\\\/www.capitalidea.org\\\/#\\\/schema\\\/logo\\\/image\\\/\"},\"sameAs\":[\"https:\\\/\\\/www.facebook.com\\\/capitalidea.austin\\\/\",\"https:\\\/\\\/www.instagram.com\\\/capital_idea_atx\\\/\",\"https:\\\/\\\/www.linkedin.com\\\/company\\\/capital-idea_2\",\"https:\\\/\\\/www.tiktok.com\\\/@capitalidea_atx\"]}]}<\/script>\n<!-- \/ Yoast SEO Premium plugin. -->","yoast_head_json":{"title":"Conseil d'administration de Capital IDEA","robots":{"index":"index","follow":"follow","max-snippet":"max-snippet:-1","max-image-preview":"max-image-preview:large","max-video-preview":"max-video-preview:-1"},"canonical":"https:\/\/www.capitalidea.org\/fr\/about\/board\/","og_locale":"fr_FR","og_type":"article","og_title":"Board of Directors","og_description":"Board of Directors Our founding board members were reflective of the community and corporate engagement that developed our mission. They represented social justice stakeholders, as well as leading healthcare and&hellip;","og_url":"https:\/\/www.capitalidea.org\/fr\/about\/board\/","og_site_name":"Capital IDEA","article_publisher":"https:\/\/www.facebook.com\/capitalidea.austin\/","article_modified_time":"2025-09-03T17:53:09+00:00","og_image":[{"url":"https:\/\/www.capitalidea.org\/wp-content\/uploads\/2025\/06\/star.svg","type":"","width":"","height":""}],"twitter_card":"summary_large_image","twitter_misc":{"Dur\u00e9e de lecture estim\u00e9e":"4 minutes"},"schema":{"@context":"https:\/\/schema.org","@graph":[{"@type":"WebPage","@id":"https:\/\/www.capitalidea.org\/about\/board\/","url":"https:\/\/www.capitalidea.org\/about\/board\/","name":"Conseil d'administration de Capital IDEA","isPartOf":{"@id":"https:\/\/www.capitalidea.org\/#website"},"primaryImageOfPage":{"@id":"https:\/\/www.capitalidea.org\/about\/board\/#primaryimage"},"image":{"@id":"https:\/\/www.capitalidea.org\/about\/board\/#primaryimage"},"thumbnailUrl":"https:\/\/www.capitalidea.org\/wp-content\/uploads\/2025\/06\/star.svg","datePublished":"2025-06-13T02:05:36+00:00","dateModified":"2025-09-03T17:53:09+00:00","breadcrumb":{"@id":"https:\/\/www.capitalidea.org\/about\/board\/#breadcrumb"},"inLanguage":"fr-FR","potentialAction":[{"@type":"ReadAction","target":["https:\/\/www.capitalidea.org\/about\/board\/"]}]},{"@type":"ImageObject","inLanguage":"fr-FR","@id":"https:\/\/www.capitalidea.org\/about\/board\/#primaryimage","url":"https:\/\/www.capitalidea.org\/wp-content\/uploads\/2025\/06\/star.svg","contentUrl":"https:\/\/www.capitalidea.org\/wp-content\/uploads\/2025\/06\/star.svg"},{"@type":"BreadcrumbList","@id":"https:\/\/www.capitalidea.org\/about\/board\/#breadcrumb","itemListElement":[{"@type":"ListItem","position":1,"name":"Home","item":"https:\/\/www.capitalidea.org\/"},{"@type":"ListItem","position":2,"name":"About","item":"https:\/\/www.capitalidea.org\/about\/"},{"@type":"ListItem","position":3,"name":"Board of Directors"}]},{"@type":"WebSite","@id":"https:\/\/www.capitalidea.org\/#website","url":"https:\/\/www.capitalidea.org\/","name":"Capital IDEA","description":"","publisher":{"@id":"https:\/\/www.capitalidea.org\/#organization"},"potentialAction":[{"@type":"SearchAction","target":{"@type":"EntryPoint","urlTemplate":"https:\/\/www.capitalidea.org\/?s={search_term_string}"},"query-input":{"@type":"PropertyValueSpecification","valueRequired":true,"valueName":"search_term_string"}}],"inLanguage":"fr-FR"},{"@type":"Organization","@id":"https:\/\/www.capitalidea.org\/#organization","name":"Capital IDEA","url":"https:\/\/www.capitalidea.org\/","logo":{"@type":"ImageObject","inLanguage":"fr-FR","@id":"https:\/\/www.capitalidea.org\/#\/schema\/logo\/image\/","url":"https:\/\/www.capitalidea.org\/wp-content\/uploads\/2025\/06\/logo-mark.svg","contentUrl":"https:\/\/www.capitalidea.org\/wp-content\/uploads\/2025\/06\/logo-mark.svg","width":1,"height":1,"caption":"Capital IDEA"},"image":{"@id":"https:\/\/www.capitalidea.org\/#\/schema\/logo\/image\/"},"sameAs":["https:\/\/www.facebook.com\/capitalidea.austin\/","https:\/\/www.instagram.com\/capital_idea_atx\/","https:\/\/www.linkedin.com\/company\/capital-idea_2","https:\/\/www.tiktok.com\/@capitalidea_atx"]}]}},"_links":{"self":[{"href":"https:\/\/www.capitalidea.org\/fr\/wp-json\/wp\/v2\/pages\/7153","targetHints":{"allow":["GET"]}}],"collection":[{"href":"https:\/\/www.capitalidea.org\/fr\/wp-json\/wp\/v2\/pages"}],"about":[{"href":"https:\/\/www.capitalidea.org\/fr\/wp-json\/wp\/v2\/types\/page"}],"author":[{"embeddable":true,"href":"https:\/\/www.capitalidea.org\/fr\/wp-json\/wp\/v2\/users\/7"}],"replies":[{"embeddable":true,"href":"https:\/\/www.capitalidea.org\/fr\/wp-json\/wp\/v2\/comments?post=7153"}],"version-history":[{"count":13,"href":"https:\/\/www.capitalidea.org\/fr\/wp-json\/wp\/v2\/pages\/7153\/revisions"}],"predecessor-version":[{"id":43803,"href":"https:\/\/www.capitalidea.org\/fr\/wp-json\/wp\/v2\/pages\/7153\/revisions\/43803"}],"up":[{"embeddable":true,"href":"https:\/\/www.capitalidea.org\/fr\/wp-json\/wp\/v2\/pages\/689"}],"wp:attachment":[{"href":"https:\/\/www.capitalidea.org\/fr\/wp-json\/wp\/v2\/media?parent=7153"}],"curies":[{"name":"wp","href":"https:\/\/api.w.org\/{rel}","templated":true}]}}